{"id":60240,"date":"2023-06-19T22:08:48","date_gmt":"2023-06-19T22:08:48","guid":{"rendered":"https:\/\/staging.schneiders.ca\/fr\/products\/bacon-coupe-classique-copy-copy-copy-copy-copy-copy-copy-copy-copy-copy-2-copy-copy-copy-copy-copy-copy-copy-copy-copy-copy-copy-2-copy-copy-copy-copy-copy-copy-copy-2-copy-copy-copy-copy-copy-copy-7\/"},"modified":"2025-07-15T18:29:46","modified_gmt":"2025-07-15T18:29:46","slug":"saucisson-au-jambon","status":"publish","type":"mlf_product","link":"https:\/\/schneiders.ca\/fr\/produits\/saucisson-au-jambon\/","title":{"rendered":"Saucisson au jambon"},"content":{"rendered":"\n        <div class=\"grid-container\">\n        <div class=\"grid grid-margin-x grid-margin-y\">\n            <div class=\"cell sm-col-12 lg-start-2 lg-col-6 image-container\">\n                <img decoding=\"async\" width=\"1505\" height=\"2839\" src=\"https:\/\/schneiders.ca\/fr\/wp-content\/uploads\/sites\/14\/2023\/06\/25187_RENDER-2.png\" class=\"attachment-post-thumbnail size-post-thumbnail wp-post-image\" alt=\"Saucisson au jambon\" srcset=\"https:\/\/b3412141.smushcdn.com\/3412141\/wp-content\/uploads\/sites\/14\/2023\/06\/25187_RENDER-2.png?lossy=1&amp;strip=1&amp;webp=1 1505w, https:\/\/b3412141.smushcdn.com\/3412141\/wp-content\/uploads\/sites\/14\/2023\/06\/25187_RENDER-2-159x300.png?lossy=1&amp;strip=1&amp;webp=1 159w, https:\/\/b3412141.smushcdn.com\/3412141\/wp-content\/uploads\/sites\/14\/2023\/06\/25187_RENDER-2-543x1024.png?lossy=1&amp;strip=1&amp;webp=1 543w, https:\/\/b3412141.smushcdn.com\/3412141\/wp-content\/uploads\/sites\/14\/2023\/06\/25187_RENDER-2-768x1449.png?lossy=1&amp;strip=1&amp;webp=1 768w, https:\/\/b3412141.smushcdn.com\/3412141\/wp-content\/uploads\/sites\/14\/2023\/06\/25187_RENDER-2-814x1536.png?lossy=1&amp;strip=1&amp;webp=1 814w, https:\/\/b3412141.smushcdn.com\/3412141\/wp-content\/uploads\/sites\/14\/2023\/06\/25187_RENDER-2-1086x2048.png?lossy=1&amp;strip=1&amp;webp=1 1086w\" sizes=\"(max-width: 1505px) 100vw, 1505px\" \/>\t\t\t\t\t\t\t\t<div class=\"brand-logo made-in-canada-fr\"><\/div>            <\/div>\n            <div class=\"cell sm-col-12 lg-col-5 product-details\">\n                <div>\n                    <p class=\"has-h-3-font-size heading\">Fum\u00e9 naturellement<\/p>\n                                            <h1 class=\"sub-heading\">Saucisson au jambon<\/h1>\n                                            <p>Chez Schneiders\u00ae, nous adorons le jambon. Il n\u2019est donc pas surprenant que nous ayons trouv\u00e9 un moyen d\u2019en faire un saucisson. Le quartier arri\u00e8re de porc (qui est utilis\u00e9 dans le jambon traditionnel) a une texture naturellement charnue, et lorsqu\u2019il est hach\u00e9 et farci dans un boyau de porc, il est incroyablement juteux. C\u2019est un saucisson inhabituel et satisfaisant\u2026 essayez-le.<\/p>\n                    \t\t\t\t\t\t\t\t\t\t                <\/div>\n            <\/div>\n        <\/div>\n    <\/div>\n    \n\n\t<style type=\"text\/css\">\n\t\t.wp-block-tk-spacer.id-7006821b-579d-4287-933a-4f0048fd64f7 {\n\t\theight: 100px;\n\t}\n\n\t@media ( max-width: 640px ) {\n\t\t.wp-block-tk-spacer.id-7006821b-579d-4287-933a-4f0048fd64f7 {\n\t\t\theight: 41px;\n\t\t}\n\t}\t<\/style>\n\t<div class=\"wp-block-tk-spacer id-7006821b-579d-4287-933a-4f0048fd64f7\" aria-hidden=\"true\"><\/div>\n\t\n\n\n<div class=\"wp-block-group is-layout-constrained wp-container-core-group-is-layout-1 wp-block-group-is-layout-constrained\">\n<h2 class=\"wp-block-heading has-text-align-center\">Valeur Nutritive<\/h2>\n\n\n\n<h3 class=\"wp-block-heading sm-aligncenter\">Ingr\u00e9dients<\/h3>\n\n\n\n<ul class=\"wp-block-tk-product-ingredients-block\" role=\"list\">\n\t<li role=\"listitem\" class=\"vertical\">\n\t\t<ul>\n\t\t\t\t\t<li style=\"\">\n\t\t\tPorc\t\t<\/li>\n\t\t\t\t<li style=\"\">\n\t\t\t Eau\t\t<\/li>\n\t\t\t\t<li style=\"\">\n\t\t\t F\u00e9cule de tapioca\t\t<\/li>\n\t\t\t\t<li style=\"\">\n\t\t\t Sucre brun\t\t<\/li>\n\t\t\t\t<li style=\"\">\n\t\t\t Sel\t\t<\/li>\n\t\t\t\t<li style=\"\">\n\t\t\t Vinaigre modifi\u00e9\t\t<\/li>\n\t\t\t\t<li style=\"\">\n\t\t\t Phosphate de sodium\t\t<\/li>\n\t\t\t\t<li style=\"\">\n\t\t\t \u00c9rythorbate de sodium\t\t<\/li>\n\t\t\t\t<li style=\"\">\n\t\t\t Nitrite de sodium\t\t<\/li>\n\t\t\t\t<li style=\"\">\n\t\t\t Fum\u00e9e\t\t<\/li>\n\t\t\t\t<\/ul>\n\t<\/li>\n<\/ul>\n\n\n<p><em>Veuillez consulter l\u2019emballage pour obtenir les renseignements les plus pr\u00e9cis et les plus \u00e0 jour sur les ingr\u00e9dients.<\/em><\/p>\n\n\n\t<style type=\"text\/css\">\n\t\t.wp-block-tk-spacer.id-e64ebaca-fc0b-486a-8564-5bd37cd7cdf4 {\n\t\theight: 29px;\n\t}\n\n\t@media ( max-width: 640px ) {\n\t\t.wp-block-tk-spacer.id-e64ebaca-fc0b-486a-8564-5bd37cd7cdf4 {\n\t\t\theight: 15px;\n\t\t}\n\t}\t<\/style>\n\t<div class=\"wp-block-tk-spacer id-e64ebaca-fc0b-486a-8564-5bd37cd7cdf4\" aria-hidden=\"true\"><\/div>\n\t\n\n\n<div class=\"wp-block-schneiders-blocks-accordion-block accordion-single-5b24ee5a-ef4e-403a-981a-4ef95680e4c4\"><button class=\"accordion-toggle has-h-3-font-size\"><span class=\"accordion-title\">Consulter la valeur nutritive<\/span><\/button><div class=\"accordion-content\">\t<style type=\"text\/css\">\n\t\t.wp-block-tk-spacer.id-8bce73aa-4998-4154-9ee9-062f2f75942b {\n\t\theight: 30px;\n\t}\n\n\t@media ( max-width: 640px ) {\n\t\t.wp-block-tk-spacer.id-8bce73aa-4998-4154-9ee9-062f2f75942b {\n\t\t\theight: 30px;\n\t\t}\n\t}\t<\/style>\n\t<div class=\"wp-block-tk-spacer id-8bce73aa-4998-4154-9ee9-062f2f75942b\" aria-hidden=\"true\"><\/div>\n\t\n\n\n<div class=\"wp-block-columns is-layout-flex wp-container-core-columns-is-layout-1 wp-block-columns-is-layout-flex\">\n<div class=\"wp-block-column is-layout-flow wp-block-column-is-layout-flow\">\n<div class=\"wp-nutrition-label wp-block-tk-nutrition-facts\">\n\t<div class=\"heading\">Nutrition Facts<\/div>\n\t<div class=\"heading\">Valeur nutritive<\/div>\n\t\t\t<div>Per 100 g<\/div>\n\t\t\t\t<div>par 100 g<\/div>\n\t\t<hr>\n\t<div class=\"item_row cf noborder\">\n\t\t<span class=\"subhead\">Calories 240<\/span>\n\t\t<span class=\"f-right amount\">% Daily Value*<\/span>\n\t<div>\n\t\t<span class=\"f-right amount\">% valeur quotidienne*<\/span>\n\t<\/div>\n\t<\/div>\n\t\t\t<div class=\"item_row cf\">\n\t\t\t<span class=\"f-left\"><strong>Fat \/ Lipides<\/strong> 17 g<\/span>\n\t\t\t<span class=\"f-right\">23%<\/span>\n\t\t<\/div>\n\t\t<div class=\"indent item_row cf\">\n\t\t\t<span class=\"f-left\">Saturated \/ satur\u00e9s 3 g<\/span>\n\t\t\t<span class=\"f-right\">16%<\/span>\n\t\t<\/div>\n\t\t<div class=\"indent noborder cf\">\n\t\t\t<span>+ Trans \/ trans 0.1 g<\/span>\n\t\t<\/div>\n\t\t\t\t\t<div class=\"item_row cf\">\n\t\t\t<span class=\"f-left\"><strong>Carbohydrate \/ Glucides<\/strong> 5 g<\/span>\n\t\t<\/div>\n\t\t<div class=\"indent item_row cf\">\n\t\t\t<span class=\"f-left\">Fiber \/ Fibres 0 g<\/span>\n\t\t\t<span class=\"f-right\">0%<\/span>\n\t\t<\/div>\n\t\t<div class=\"indent item_row cf\">\n\t\t\t<span class=\"f-left\">Sugars \/ Sucres 2 g<\/span>\n\t\t\t<span class=\"f-right\">2%<\/span>\n\t\t<\/div>\n\t\t\t\t\t<div class=\"item_row cf\">\n\t\t\t<span class=\"f-left\"><strong>Protein \/ Prot\u00e9ines<\/strong> 16 g<\/span>\n\t\t\t<span class=\"f-right\"><\/span>\n\t\t<\/div>\n\t\t\t\t\t<div class=\"item_row cf\">\n\t\t\t<span class=\"f-left\"><strong>Cholesterol \/ Cholest\u00e9rol<\/strong> 45 mg<\/span>\n\t\t\t<span class=\"f-right\"><\/span>\n\t\t<\/div>\n\t\t\t\t\t<div class=\"item_row cf\">\n\t\t\t<span class=\"f-left\"><strong>Sodium \/ Sodium<\/strong> 1040 mg<\/span>\n\t\t\t<span class=\"f-right\">45%<\/span>\n\t\t<\/div>\n\t\t<hr>\n\t\t\t<div class=\"item_row cf\">\n\t\t\t<span class=\"f-left\">Potassium 250 mg<\/span>\n\t\t\t<span class=\"f-right\">7%<\/span>\n\t\t<\/div>\n\t\t\t\t<div class=\"item_row cf\">\n\t\t\t<span class=\"f-left\">Calcium 10 mg<\/span>\n\t\t\t<span class=\"f-right\">1%<\/span>\n\t\t<\/div>\n\t\t\t\t<div class=\"item_row cf\">\n\t\t\t<span class=\"f-left\">Iron \/ Fer 0.75 mg<\/span>\n\t\t\t<span class=\"f-right\">4%<\/span>\n\t\t<\/div>\n\t\t\t\t<div class=\"item_row cf\">\n\t\t\t<span class=\"f-left\">Vitamin A <\/span>\n\t\t\t<span class=\"f-right\">0%<\/span>\n\t\t<\/div>\n\t\t\t\t<div class=\"item_row cf\">\n\t\t\t<span class=\"f-left\">Vitamin C <\/span>\n\t\t\t<span class=\"f-right\">0%<\/span>\n\t\t<\/div>\n\t\t\t\t<hr>\n\t<div class=\"small cf\">\n\t\t*5% or less is <b>a litte<\/b>, 15% or more is <b>a lot<\/b>\n\t<\/div>\n\t<div class=\"small cf\">\n\t\t*5% ou moins c`est <b>peu<\/b>, 15% ou plus c`est <b>beaucoup<\/b>\n\t<\/div>\n<\/div>\n<\/div>\n\n\n\n<div class=\"wp-block-column is-layout-flow wp-block-column-is-layout-flow\"><\/div>\n<\/div>\n<\/div><\/div>\n\n\n\n<div class=\"wp-block-schneiders-blocks-accordion-block accordion-single-5b24ee5a-ef4e-403a-981a-4ef95680e4c4\"><button class=\"accordion-toggle has-h-3-font-size\"><span class=\"accordion-title\">Commentaires<\/span><\/button><div class=\"accordion-content\">\t<style type=\"text\/css\">\n\t\t.wp-block-tk-spacer.id-4942614f-07a1-491a-8e62-5e68c1cb67c7 {\n\t\theight: 30px;\n\t}\n\n\t@media ( max-width: 640px ) {\n\t\t.wp-block-tk-spacer.id-4942614f-07a1-491a-8e62-5e68c1cb67c7 {\n\t\t\theight: 30px;\n\t\t}\n\t}\t<\/style>\n\t<div class=\"wp-block-tk-spacer id-4942614f-07a1-491a-8e62-5e68c1cb67c7\" aria-hidden=\"true\"><\/div>\n\t\n\n\t\t\t<div\n\t\t\t\tdata-bv-show=\"reviews\"\n\t\t\t\tdata-bv-product-id=\"62000251872\">\n\t\t\t<\/div>\n\t\t\t<\/div><\/div>\n<\/div>\n\n\n\t<style type=\"text\/css\">\n\t\t.wp-block-tk-spacer.id-10a57c06-d965-4790-bd5b-769399f54617 {\n\t\theight: 147px;\n\t}\n\n\t@media ( max-width: 640px ) {\n\t\t.wp-block-tk-spacer.id-10a57c06-d965-4790-bd5b-769399f54617 {\n\t\t\theight: 64px;\n\t\t}\n\t}\t<\/style>\n\t<div class=\"wp-block-tk-spacer id-10a57c06-d965-4790-bd5b-769399f54617\" aria-hidden=\"true\"><\/div>\n\t\n\n\n<h2 class=\"wp-block-heading has-text-align-center\"><strong>Id\u00e9es de recettes<\/strong><\/h2>\n\n\n\t<style type=\"text\/css\">\n\t\t.wp-block-tk-spacer.id-04e70516-a565-41ad-bd2c-7f214d327387 {\n\t\theight: 70px;\n\t}\n\n\t@media ( max-width: 640px ) {\n\t\t.wp-block-tk-spacer.id-04e70516-a565-41ad-bd2c-7f214d327387 {\n\t\t\theight: 26px;\n\t\t}\n\t}\t<\/style>\n\t<div class=\"wp-block-tk-spacer id-04e70516-a565-41ad-bd2c-7f214d327387\" aria-hidden=\"true\"><\/div>\n\t\n\n\t\t\t\t<div class=\"grid grid-margin-x grid-margin-y\">\n\t\t\t\t\t\n<div class=\"cell sm-col-12 md-col-4\">\n\t<article class=\"post-type-card recipe-card post-61325 mlf_recipe type-mlf_recipe status-publish has-post-thumbnail hentry mlf_protein_type-saucisson-de-specialite mlf_meal_type-accompagnements mlf_meal_type-bbq mlf_meal_type-dejeuner mlf_meal_type-luncch\">\n\t\t<a href=\"https:\/\/schneiders.ca\/fr\/recettes\/planche-a-grignoter-de-hot-dogs\/\">\n\t\t\t<header class=\"entry-header\">\n\t\t\t\t\t<img decoding=\"async\" src=\"https:\/\/schneiders.ca\/fr\/wp-content\/uploads\/sites\/14\/2024\/04\/RS_HotdogBoard_0971-scaled.jpg?resize=350,298\" alt=\"Planche \u00e0 grignoter de hot-dogs\" height=\"298\" width=\"350\" class=\"\" \/>\n\t\t\t\t<\/header>\n\t\t\t<div class=\"entry-content\">\n\t\t\t\t<h3 class=\"heading\">Planche \u00e0 grignoter de hot-dogs<\/h3>\n\t\t\t\t\t\t\t\t\t<p class=\"button is-style-link\">Essayez-la<\/p>\n\t\t\t\t\t\t\t<\/div>\n\t\t<\/a>\n\t<\/article>\n<\/div>\n\n<div class=\"cell sm-col-12 md-col-4\">\n\t<article class=\"post-type-card recipe-card post-251 mlf_recipe type-mlf_recipe status-publish has-post-thumbnail hentry mlf_protein_type-saucisson-de-specialite mlf_meal_type-souper\">\n\t\t<a href=\"https:\/\/schneiders.ca\/fr\/recettes\/bols-de-salade-chaude-aux-lentilles-et-au-saucisson-a-lail\/\">\n\t\t\t<header class=\"entry-header\">\n\t\t\t\t\t<img decoding=\"async\" src=\"https:\/\/schneiders.ca\/fr\/wp-content\/uploads\/sites\/14\/2023\/05\/Warm-Lentil-Sausage-Salad-Bowl.jpg?resize=350,298\" alt=\"Bols de salade chaude aux lentilles et au saucisson \u00e0 l\u2019ail\" height=\"298\" width=\"350\" class=\"\" \/>\n\t\t\t\t<\/header>\n\t\t\t<div class=\"entry-content\">\n\t\t\t\t<h3 class=\"heading\">Bols de salade chaude aux lentilles et au saucisson \u00e0 l\u2019ail<\/h3>\n\t\t\t\t\t\t\t\t\t<p class=\"button is-style-link\">Essayez-la<\/p>\n\t\t\t\t\t\t\t<\/div>\n\t\t<\/a>\n\t<\/article>\n<\/div>\n\n<div class=\"cell sm-col-12 md-col-4\">\n\t<article class=\"post-type-card recipe-card post-258 mlf_recipe type-mlf_recipe status-publish has-post-thumbnail hentry mlf_protein_type-saucisson-de-specialite mlf_meal_type-souper\">\n\t\t<a href=\"https:\/\/schneiders.ca\/fr\/recettes\/cari-de-saucisson-a-la-japonaise\/\">\n\t\t\t<header class=\"entry-header\">\n\t\t\t\t\t<img decoding=\"async\" src=\"https:\/\/schneiders.ca\/fr\/wp-content\/uploads\/sites\/14\/2023\/05\/Japanese-Style-Sausage-Curry.jpg?resize=350,298\" alt=\"Cari de saucisson \u00e0 la japonaise\" height=\"298\" width=\"350\" class=\"\" \/>\n\t\t\t\t<\/header>\n\t\t\t<div class=\"entry-content\">\n\t\t\t\t<h3 class=\"heading\">Cari de saucisson \u00e0 la japonaise<\/h3>\n\t\t\t\t\t\t\t\t\t<p class=\"button is-style-link\">Essayez-la<\/p>\n\t\t\t\t\t\t\t<\/div>\n\t\t<\/a>\n\t<\/article>\n<\/div>\n\t\t\t\t<\/div>\n\t\t\t\t\n\n\t<style type=\"text\/css\">\n\t\t.wp-block-tk-spacer.id-b3c56e8e-d6b7-46b7-b041-0f67b02d28cb {\n\t\theight: 58px;\n\t}\n\n\t@media ( max-width: 640px ) {\n\t\t.wp-block-tk-spacer.id-b3c56e8e-d6b7-46b7-b041-0f67b02d28cb {\n\t\t\theight: 27px;\n\t\t}\n\t}\t<\/style>\n\t<div class=\"wp-block-tk-spacer id-b3c56e8e-d6b7-46b7-b041-0f67b02d28cb\" aria-hidden=\"true\"><\/div>\n\t\n\n\n<div class=\"wp-block-buttons is-content-justification-center is-layout-flex wp-container-core-buttons-is-layout-1 wp-block-buttons-is-layout-flex\">\n<div class=\"wp-block-button\"><a class=\"wp-block-button__link wp-element-button\" href=\"https:\/\/schneiders.ca\/recipes\/\">Toutes les recettes<\/a><\/div>\n<\/div>\n\n\n\t<style type=\"text\/css\">\n\t\t.wp-block-tk-spacer.id-c314c0d5-2f2f-46dc-9334-9d6e99f3172f {\n\t\theight: 158px;\n\t}\n\n\t@media ( max-width: 640px ) {\n\t\t.wp-block-tk-spacer.id-c314c0d5-2f2f-46dc-9334-9d6e99f3172f {\n\t\t\theight: 70px;\n\t\t}\n\t}\t<\/style>\n\t<div class=\"wp-block-tk-spacer id-c314c0d5-2f2f-46dc-9334-9d6e99f3172f\" aria-hidden=\"true\"><\/div>\n\t\n\n\n<h2 class=\"wp-block-heading has-text-align-center\"><strong>Vous aimerez peut-\u00eatre aussi<\/strong><\/h2>\n\n\n\t<style type=\"text\/css\">\n\t\t.wp-block-tk-spacer.id-ae8c167f-733f-4eb9-8be5-f7b8a7e45882 {\n\t\theight: 126px;\n\t}\n\n\t@media ( max-width: 640px ) {\n\t\t.wp-block-tk-spacer.id-ae8c167f-733f-4eb9-8be5-f7b8a7e45882 {\n\t\t\theight: 21px;\n\t\t}\n\t}\t<\/style>\n\t<div class=\"wp-block-tk-spacer id-ae8c167f-733f-4eb9-8be5-f7b8a7e45882\" aria-hidden=\"true\"><\/div>\n\t\n\n\t\t\t\t<div class=\"grid grid-margin-x grid-margin-y\">\n\t\t\t\t\t\n<div class=\"cell sm-col-12 md-col-6 lg-col-4\">\n\t<article id=\"post-60244\" class=\"post-type-card product-card post-60244 mlf_product type-mlf_product status-publish has-post-thumbnail hentry mlf_protein_type-saucisson-de-specialite\">\n\t\t<header class=\"entry-header\">\n\t\t\t\t<img decoding=\"async\" src=\"https:\/\/schneiders.ca\/fr\/wp-content\/uploads\/sites\/14\/2023\/06\/25188_RENDER-3.png?resize=350,298\" alt=\"Saucisson Ukrainien \u00e0 l&#039;ail\" height=\"298\" width=\"350\" class=\"\" \/>\n\t\t\t<\/header><!-- .entry-header -->\n\n\t\t<div class=\"entry-content\">\n\t\t\t\t\t\t\t<h3 class=\"heading\">Saucisson Ukrainien \u00e0 l&#039;ail <\/h3>\n\t\t\t\t<p class=\"sub-heading\">Fum\u00e9 naturellement<\/p>\n\t\t\t\t\t\t\t\t\t\t<div\n\t\t\t\t\tclass=\"bv-rating\"\n\t\t\t\t\tdata-bv-show=\"inline_rating\"\n\t\t\t\t\tdata-bv-product-id=\"62000251889\"\n\t\t\t\t\tdata-bv-redirect-url=\"https:\/\/schneiders.ca\/fr\/produits\/saucisson-ukrainien-a-lail\/\"\n\t\t\t\t\tdata-bv-seo=\"false\"\n\t\t\t\t>\n\t\t\t\t<\/div>\n\t\t\t\t\t\t<a\n\t\t\t\tclass=\"button is-style-link\"\n\t\t\t\thref=\"https:\/\/schneiders.ca\/fr\/produits\/saucisson-ukrainien-a-lail\/\"\n\t\t\t\taria-label=\"En savoir plus sur Saucisson Ukrainien \u00e0 l&#039;ail  - Fum\u00e9 naturellement\"\n\t\t\t>\n\t\t\t\tEn savoir plus\t\t\t<\/a>\n\t\t<\/div><!-- .entry-content -->\n\t<\/article><!-- #post-60244 -->\n<\/div>\n\n<div class=\"cell sm-col-12 md-col-6 lg-col-4\">\n\t<article id=\"post-60242\" class=\"post-type-card product-card post-60242 mlf_product type-mlf_product status-publish has-post-thumbnail hentry mlf_protein_type-saucisson-de-specialite\">\n\t\t<header class=\"entry-header\">\n\t\t\t\t<img decoding=\"async\" src=\"https:\/\/schneiders.ca\/fr\/wp-content\/uploads\/sites\/14\/2023\/06\/25189_RENDER-3.png?resize=350,298\" alt=\"Saucisson kolbassa collier\" height=\"298\" width=\"350\" class=\"\" \/>\n\t\t\t<\/header><!-- .entry-header -->\n\n\t\t<div class=\"entry-content\">\n\t\t\t\t\t\t\t<h3 class=\"heading\">Saucisson kolbassa<\/h3>\n\t\t\t\t<p class=\"sub-heading\">Fum\u00e9 naturellement<\/p>\n\t\t\t\t\t\t\t\t\t\t<div\n\t\t\t\t\tclass=\"bv-rating\"\n\t\t\t\t\tdata-bv-show=\"inline_rating\"\n\t\t\t\t\tdata-bv-product-id=\"62000251858\"\n\t\t\t\t\tdata-bv-redirect-url=\"https:\/\/schneiders.ca\/fr\/produits\/saucisson-kolbassa-collier\/\"\n\t\t\t\t\tdata-bv-seo=\"false\"\n\t\t\t\t>\n\t\t\t\t<\/div>\n\t\t\t\t\t\t<a\n\t\t\t\tclass=\"button is-style-link\"\n\t\t\t\thref=\"https:\/\/schneiders.ca\/fr\/produits\/saucisson-kolbassa-collier\/\"\n\t\t\t\taria-label=\"En savoir plus sur Saucisson kolbassa - Fum\u00e9 naturellement\"\n\t\t\t>\n\t\t\t\tEn savoir plus\t\t\t<\/a>\n\t\t<\/div><!-- .entry-content -->\n\t<\/article><!-- #post-60242 -->\n<\/div>\n\n<div class=\"cell sm-col-12 md-col-6 lg-col-4\">\n\t<article id=\"post-60237\" class=\"post-type-card product-card post-60237 mlf_product type-mlf_product status-publish has-post-thumbnail hentry mlf_protein_type-saucisson-de-specialite\">\n\t\t<header class=\"entry-header\">\n\t\t\t\t<img decoding=\"async\" src=\"https:\/\/schneiders.ca\/fr\/wp-content\/uploads\/sites\/14\/2023\/06\/13235_RENDER-3.png?resize=350,298\" alt=\"Saucisson kolbassa \u00e0 la dinde\" height=\"298\" width=\"350\" class=\"\" \/>\n\t\t\t<\/header><!-- .entry-header -->\n\n\t\t<div class=\"entry-content\">\n\t\t\t\t\t\t\t<h3 class=\"heading\">Saucisson kolbassa \u00e0 la dinde<\/h3>\n\t\t\t\t<p class=\"sub-heading\">Fum\u00e9 naturellement<\/p>\n\t\t\t\t\t\t\t\t\t\t<div\n\t\t\t\t\tclass=\"bv-rating\"\n\t\t\t\t\tdata-bv-show=\"inline_rating\"\n\t\t\t\t\tdata-bv-product-id=\"63100132351\"\n\t\t\t\t\tdata-bv-redirect-url=\"https:\/\/schneiders.ca\/fr\/produits\/saucisson-de-kolbassa-a-la-dinde\/\"\n\t\t\t\t\tdata-bv-seo=\"false\"\n\t\t\t\t>\n\t\t\t\t<\/div>\n\t\t\t\t\t\t<a\n\t\t\t\tclass=\"button is-style-link\"\n\t\t\t\thref=\"https:\/\/schneiders.ca\/fr\/produits\/saucisson-de-kolbassa-a-la-dinde\/\"\n\t\t\t\taria-label=\"En savoir plus sur Saucisson kolbassa \u00e0 la dinde - Fum\u00e9 naturellement\"\n\t\t\t>\n\t\t\t\tEn savoir plus\t\t\t<\/a>\n\t\t<\/div><!-- .entry-content -->\n\t<\/article><!-- #post-60237 -->\n<\/div>\n\n<div class=\"cell sm-col-12 md-col-6 lg-col-4\">\n\t<article id=\"post-60251\" class=\"post-type-card product-card post-60251 mlf_product type-mlf_product status-publish has-post-thumbnail hentry mlf_protein_type-saucisson-de-specialite\">\n\t\t<header class=\"entry-header\">\n\t\t\t\t<img decoding=\"async\" src=\"https:\/\/schneiders.ca\/fr\/wp-content\/uploads\/sites\/14\/2023\/06\/18406_RENDER-2.png?resize=350,298\" alt=\"Pepperoni\" height=\"298\" width=\"350\" class=\"\" \/>\n\t\t\t<\/header><!-- .entry-header -->\n\n\t\t<div class=\"entry-content\">\n\t\t\t\t\t\t\t<h3 class=\"heading\">Pepperoni<\/h3>\n\t\t\t\t<p class=\"sub-heading\">Fum\u00e9 naturellement<\/p>\n\t\t\t\t\t\t\t\t\t\t<div\n\t\t\t\t\tclass=\"bv-rating\"\n\t\t\t\t\tdata-bv-show=\"inline_rating\"\n\t\t\t\t\tdata-bv-product-id=\"62000184064\"\n\t\t\t\t\tdata-bv-redirect-url=\"https:\/\/schneiders.ca\/fr\/produits\/pepperoni\/\"\n\t\t\t\t\tdata-bv-seo=\"false\"\n\t\t\t\t>\n\t\t\t\t<\/div>\n\t\t\t\t\t\t<a\n\t\t\t\tclass=\"button is-style-link\"\n\t\t\t\thref=\"https:\/\/schneiders.ca\/fr\/produits\/pepperoni\/\"\n\t\t\t\taria-label=\"En savoir plus sur Pepperoni - Fum\u00e9 naturellement\"\n\t\t\t>\n\t\t\t\tEn savoir plus\t\t\t<\/a>\n\t\t<\/div><!-- .entry-content -->\n\t<\/article><!-- #post-60251 -->\n<\/div>\n\n<div class=\"cell sm-col-12 md-col-6 lg-col-4\">\n\t<article id=\"post-60249\" class=\"post-type-card product-card post-60249 mlf_product type-mlf_product status-publish has-post-thumbnail hentry mlf_protein_type-saucisson-de-specialite\">\n\t\t<header class=\"entry-header\">\n\t\t\t\t<img decoding=\"async\" src=\"https:\/\/schneiders.ca\/fr\/wp-content\/uploads\/sites\/14\/2023\/06\/18465_RENDER-2.png?resize=350,298\" alt=\"Saucisson de thuringer\" height=\"298\" width=\"350\" class=\"\" \/>\n\t\t\t<\/header><!-- .entry-header -->\n\n\t\t<div class=\"entry-content\">\n\t\t\t\t\t\t\t<h3 class=\"heading\">Saucisson de thuringer<\/h3>\n\t\t\t\t<p class=\"sub-heading\">Fum\u00e9 naturellement<\/p>\n\t\t\t\t\t\t\t\t\t\t<div\n\t\t\t\t\tclass=\"bv-rating\"\n\t\t\t\t\tdata-bv-show=\"inline_rating\"\n\t\t\t\t\tdata-bv-product-id=\"62000184651\"\n\t\t\t\t\tdata-bv-redirect-url=\"https:\/\/schneiders.ca\/fr\/produits\/saucisson-de-thuringer\/\"\n\t\t\t\t\tdata-bv-seo=\"false\"\n\t\t\t\t>\n\t\t\t\t<\/div>\n\t\t\t\t\t\t<a\n\t\t\t\tclass=\"button is-style-link\"\n\t\t\t\thref=\"https:\/\/schneiders.ca\/fr\/produits\/saucisson-de-thuringer\/\"\n\t\t\t\taria-label=\"En savoir plus sur Saucisson de thuringer - Fum\u00e9 naturellement\"\n\t\t\t>\n\t\t\t\tEn savoir plus\t\t\t<\/a>\n\t\t<\/div><!-- .entry-content -->\n\t<\/article><!-- #post-60249 -->\n<\/div>\n\n<div class=\"cell sm-col-12 md-col-6 lg-col-4\">\n\t<article id=\"post-60253\" class=\"post-type-card product-card post-60253 mlf_product type-mlf_product status-publish has-post-thumbnail hentry mlf_protein_type-saucisson-de-specialite\">\n\t\t<header class=\"entry-header\">\n\t\t\t\t<img decoding=\"async\" src=\"https:\/\/schneiders.ca\/fr\/wp-content\/uploads\/sites\/14\/2023\/06\/47987_RENDER-2.png?resize=350,298\" alt=\"Saucisson Polonais\" height=\"298\" width=\"350\" class=\"\" \/>\n\t\t\t<\/header><!-- .entry-header -->\n\n\t\t<div class=\"entry-content\">\n\t\t\t\t\t\t\t<h3 class=\"heading\">Saucisson Polonais<\/h3>\n\t\t\t\t<p class=\"sub-heading\">Fum\u00e9 naturellement<\/p>\n\t\t\t\t\t\t\t\t\t\t<div\n\t\t\t\t\tclass=\"bv-rating\"\n\t\t\t\t\tdata-bv-show=\"inline_rating\"\n\t\t\t\t\tdata-bv-product-id=\"63100479876\"\n\t\t\t\t\tdata-bv-redirect-url=\"https:\/\/schneiders.ca\/fr\/produits\/saucisson-polonais\/\"\n\t\t\t\t\tdata-bv-seo=\"false\"\n\t\t\t\t>\n\t\t\t\t<\/div>\n\t\t\t\t\t\t<a\n\t\t\t\tclass=\"button is-style-link\"\n\t\t\t\thref=\"https:\/\/schneiders.ca\/fr\/produits\/saucisson-polonais\/\"\n\t\t\t\taria-label=\"En savoir plus sur Saucisson Polonais - Fum\u00e9 naturellement\"\n\t\t\t>\n\t\t\t\tEn savoir plus\t\t\t<\/a>\n\t\t<\/div><!-- .entry-content -->\n\t<\/article><!-- #post-60253 -->\n<\/div>\n\t\t\t\t<\/div>\n\t\t\t","protected":false},"excerpt":{"rendered":"<p>Chez Schneiders\u00ae, nous adorons le jambon. Il n\u2019est donc pas surprenant que nous ayons trouv\u00e9 un moyen d\u2019en faire un saucisson. Le quartier arri\u00e8re de porc (qui est utilis\u00e9 dans le jambon traditionnel) a une texture naturellement charnue, et lorsqu\u2019il est hach\u00e9 et farci dans un boyau de porc, il est incroyablement juteux. C\u2019est un saucisson inhabituel et satisfaisant\u2026 essayez-le.<\/p>\n","protected":false},"featured_media":60483,"template":"","mlf_protein_type":[28],"mlf_meal_type":[],"class_list":["post-60240","mlf_product","type-mlf_product","status-publish","has-post-thumbnail","hentry","mlf_protein_type-saucisson-de-specialite"],"acf":{"schneiders_product_heading":"Fum\u00e9 naturellement","schneiders_product_sub_heading":"Saucisson au jambon","schneiders_product_sap_id":"62000251872"},"yoast_head":"<!-- This site is optimized with the Yoast SEO plugin v21.7 - https:\/\/yoast.com\/wordpress\/plugins\/seo\/ -->\n<title>Saucisson au jambon - Schneiders<\/title>\n<meta name=\"robots\" content=\"index, follow, max-snippet:-1, max-image-preview:large, max-video-preview:-1\" \/>\n<link rel=\"canonical\" href=\"https:\/\/schneiders.ca\/fr\/produits\/saucisson-au-jambon\/\" \/>\n<meta property=\"og:locale\" content=\"fr_FR\" \/>\n<meta property=\"og:type\" content=\"article\" \/>\n<meta property=\"og:title\" content=\"Saucisson au jambon - Schneiders\" \/>\n<meta property=\"og:description\" content=\"Chez Schneiders\u00ae, nous adorons le jambon. Il n\u2019est donc pas surprenant que nous ayons trouv\u00e9 un moyen d\u2019en faire un saucisson. Le quartier arri\u00e8re de porc (qui est utilis\u00e9 dans le jambon traditionnel) a une texture naturellement charnue, et lorsqu\u2019il est hach\u00e9 et farci dans un boyau de porc, il est incroyablement juteux. C\u2019est un saucisson inhabituel et satisfaisant\u2026 essayez-le.\" \/>\n<meta property=\"og:url\" content=\"https:\/\/schneiders.ca\/fr\/produits\/saucisson-au-jambon\/\" \/>\n<meta property=\"og:site_name\" content=\"Schneiders\" \/>\n<meta property=\"article:modified_time\" content=\"2025-07-15T18:29:46+00:00\" \/>\n<meta property=\"og:image\" content=\"https:\/\/schneiders.ca\/fr\/wp-content\/uploads\/sites\/14\/2023\/06\/25187_RENDER-2-543x1024.png\" \/>\n\t<meta property=\"og:image:width\" content=\"543\" \/>\n\t<meta property=\"og:image:height\" content=\"1024\" \/>\n\t<meta property=\"og:image:type\" content=\"image\/png\" \/>\n<meta name=\"twitter:card\" content=\"summary_large_image\" \/>\n<meta name=\"twitter:label1\" content=\"Dur\u00e9e de lecture estim\u00e9e\" \/>\n\t<meta name=\"twitter:data1\" content=\"1 minute\" \/>\n<script type=\"application\/ld+json\" class=\"yoast-schema-graph\">{\"@context\":\"https:\/\/schema.org\",\"@graph\":[{\"@type\":\"WebPage\",\"@id\":\"https:\/\/schneiders.ca\/fr\/produits\/saucisson-au-jambon\/\",\"url\":\"https:\/\/schneiders.ca\/fr\/produits\/saucisson-au-jambon\/\",\"name\":\"Saucisson au jambon - Schneiders\",\"isPartOf\":{\"@id\":\"https:\/\/schneiders.ca\/fr\/#website\"},\"datePublished\":\"2023-06-19T22:08:48+00:00\",\"dateModified\":\"2025-07-15T18:29:46+00:00\",\"breadcrumb\":{\"@id\":\"https:\/\/schneiders.ca\/fr\/produits\/saucisson-au-jambon\/#breadcrumb\"},\"inLanguage\":\"fr-FR\",\"potentialAction\":[{\"@type\":\"ReadAction\",\"target\":[\"https:\/\/schneiders.ca\/fr\/produits\/saucisson-au-jambon\/\"]}]},{\"@type\":\"BreadcrumbList\",\"@id\":\"https:\/\/schneiders.ca\/fr\/produits\/saucisson-au-jambon\/#breadcrumb\",\"itemListElement\":[{\"@type\":\"ListItem\",\"position\":1,\"name\":\"Home\",\"item\":\"https:\/\/schneiders.ca\/fr\/\"},{\"@type\":\"ListItem\",\"position\":2,\"name\":\"Saucisson au jambon\"}]},{\"@type\":\"WebSite\",\"@id\":\"https:\/\/schneiders.ca\/fr\/#website\",\"url\":\"https:\/\/schneiders.ca\/fr\/\",\"name\":\"Schneiders\",\"description\":\"La qualit\u00e9 n\u2019a pas d\u2019\u00e2ge\",\"publisher\":{\"@id\":\"https:\/\/schneiders.ca\/fr\/#organization\"},\"potentialAction\":[{\"@type\":\"SearchAction\",\"target\":{\"@type\":\"EntryPoint\",\"urlTemplate\":\"https:\/\/schneiders.ca\/fr\/?s={search_term_string}\"},\"query-input\":\"required name=search_term_string\"}],\"inLanguage\":\"fr-FR\"},{\"@type\":\"Organization\",\"@id\":\"https:\/\/schneiders.ca\/fr\/#organization\",\"name\":\"Schneiders\",\"url\":\"https:\/\/schneiders.ca\/fr\/\",\"logo\":{\"@type\":\"ImageObject\",\"inLanguage\":\"fr-FR\",\"@id\":\"https:\/\/schneiders.ca\/fr\/#\/schema\/logo\/image\/\",\"url\":\"https:\/\/schneiders.ca\/fr\/wp-content\/uploads\/sites\/14\/2023\/06\/schneiders-logo-4.png\",\"contentUrl\":\"https:\/\/schneiders.ca\/fr\/wp-content\/uploads\/sites\/14\/2023\/06\/schneiders-logo-4.png\",\"width\":261,\"height\":145,\"caption\":\"Schneiders\"},\"image\":{\"@id\":\"https:\/\/schneiders.ca\/fr\/#\/schema\/logo\/image\/\"}}]}<\/script>\n<!-- \/ Yoast SEO plugin. -->","yoast_head_json":{"title":"Saucisson au jambon - Schneiders","robots":{"index":"index","follow":"follow","max-snippet":"max-snippet:-1","max-image-preview":"max-image-preview:large","max-video-preview":"max-video-preview:-1"},"canonical":"https:\/\/schneiders.ca\/fr\/produits\/saucisson-au-jambon\/","og_locale":"fr_FR","og_type":"article","og_title":"Saucisson au jambon - Schneiders","og_description":"Chez Schneiders\u00ae, nous adorons le jambon. Il n\u2019est donc pas surprenant que nous ayons trouv\u00e9 un moyen d\u2019en faire un saucisson. Le quartier arri\u00e8re de porc (qui est utilis\u00e9 dans le jambon traditionnel) a une texture naturellement charnue, et lorsqu\u2019il est hach\u00e9 et farci dans un boyau de porc, il est incroyablement juteux. C\u2019est un saucisson inhabituel et satisfaisant\u2026 essayez-le.","og_url":"https:\/\/schneiders.ca\/fr\/produits\/saucisson-au-jambon\/","og_site_name":"Schneiders","article_modified_time":"2025-07-15T18:29:46+00:00","og_image":[{"width":543,"height":1024,"url":"https:\/\/schneiders.ca\/fr\/wp-content\/uploads\/sites\/14\/2023\/06\/25187_RENDER-2-543x1024.png","type":"image\/png"}],"twitter_card":"summary_large_image","twitter_misc":{"Dur\u00e9e de lecture estim\u00e9e":"1 minute"},"schema":{"@context":"https:\/\/schema.org","@graph":[{"@type":"WebPage","@id":"https:\/\/schneiders.ca\/fr\/produits\/saucisson-au-jambon\/","url":"https:\/\/schneiders.ca\/fr\/produits\/saucisson-au-jambon\/","name":"Saucisson au jambon - Schneiders","isPartOf":{"@id":"https:\/\/schneiders.ca\/fr\/#website"},"datePublished":"2023-06-19T22:08:48+00:00","dateModified":"2025-07-15T18:29:46+00:00","breadcrumb":{"@id":"https:\/\/schneiders.ca\/fr\/produits\/saucisson-au-jambon\/#breadcrumb"},"inLanguage":"fr-FR","potentialAction":[{"@type":"ReadAction","target":["https:\/\/schneiders.ca\/fr\/produits\/saucisson-au-jambon\/"]}]},{"@type":"BreadcrumbList","@id":"https:\/\/schneiders.ca\/fr\/produits\/saucisson-au-jambon\/#breadcrumb","itemListElement":[{"@type":"ListItem","position":1,"name":"Home","item":"https:\/\/schneiders.ca\/fr\/"},{"@type":"ListItem","position":2,"name":"Saucisson au jambon"}]},{"@type":"WebSite","@id":"https:\/\/schneiders.ca\/fr\/#website","url":"https:\/\/schneiders.ca\/fr\/","name":"Schneiders","description":"La qualit\u00e9 n\u2019a pas d\u2019\u00e2ge","publisher":{"@id":"https:\/\/schneiders.ca\/fr\/#organization"},"potentialAction":[{"@type":"SearchAction","target":{"@type":"EntryPoint","urlTemplate":"https:\/\/schneiders.ca\/fr\/?s={search_term_string}"},"query-input":"required name=search_term_string"}],"inLanguage":"fr-FR"},{"@type":"Organization","@id":"https:\/\/schneiders.ca\/fr\/#organization","name":"Schneiders","url":"https:\/\/schneiders.ca\/fr\/","logo":{"@type":"ImageObject","inLanguage":"fr-FR","@id":"https:\/\/schneiders.ca\/fr\/#\/schema\/logo\/image\/","url":"https:\/\/schneiders.ca\/fr\/wp-content\/uploads\/sites\/14\/2023\/06\/schneiders-logo-4.png","contentUrl":"https:\/\/schneiders.ca\/fr\/wp-content\/uploads\/sites\/14\/2023\/06\/schneiders-logo-4.png","width":261,"height":145,"caption":"Schneiders"},"image":{"@id":"https:\/\/schneiders.ca\/fr\/#\/schema\/logo\/image\/"}}]}},"jetpack_sharing_enabled":true,"_links":{"self":[{"href":"https:\/\/schneiders.ca\/fr\/wp-json\/wp\/v2\/mlf_product\/60240"}],"collection":[{"href":"https:\/\/schneiders.ca\/fr\/wp-json\/wp\/v2\/mlf_product"}],"about":[{"href":"https:\/\/schneiders.ca\/fr\/wp-json\/wp\/v2\/types\/mlf_product"}],"wp:featuredmedia":[{"embeddable":true,"href":"https:\/\/schneiders.ca\/fr\/wp-json\/wp\/v2\/media\/60483"}],"wp:attachment":[{"href":"https:\/\/schneiders.ca\/fr\/wp-json\/wp\/v2\/media?parent=60240"}],"wp:term":[{"taxonomy":"mlf_protein_type","embeddable":true,"href":"https:\/\/schneiders.ca\/fr\/wp-json\/wp\/v2\/mlf_protein_type?post=60240"},{"taxonomy":"mlf_meal_type","embeddable":true,"href":"https:\/\/schneiders.ca\/fr\/wp-json\/wp\/v2\/mlf_meal_type?post=60240"}],"curies":[{"name":"wp","href":"https:\/\/api.w.org\/{rel}","templated":true}]}}