{"id":251,"date":"2023-05-19T13:35:43","date_gmt":"2023-05-19T13:35:43","guid":{"rendered":"https:\/\/staging.schneiders.ca\/fr\/recettes\/bols-de-salade-chaude-aux-lentilles-et-au-saucisson-a-lail\/"},"modified":"2023-08-30T17:30:54","modified_gmt":"2023-08-30T17:30:54","slug":"bols-de-salade-chaude-aux-lentilles-et-au-saucisson-a-lail","status":"publish","type":"mlf_recipe","link":"https:\/\/schneiders.ca\/fr\/recettes\/bols-de-salade-chaude-aux-lentilles-et-au-saucisson-a-lail\/","title":{"rendered":"Bols de salade chaude aux lentilles et au saucisson \u00e0 l\u2019ail"},"content":{"rendered":"\t\t\t\t\t<div class=\"grid grid-margin-x grid-margin-y\">\n\t\t\t\t<div class=\"cell sm-col-12 lg-col-6 image-container\"\n\t\t\t\t\t style=\"background-image:url('https:\/\/schneiders.ca\/fr\/wp-content\/uploads\/sites\/14\/2023\/05\/Warm-Lentil-Sausage-Salad-Bowl.jpg');\n\t\t\t\t\t\t\tbackground-position: 50% 50%;\">\n\t\t\t\t\t<h1 class=\"has-h-2-font-size\">Bols de salade chaude aux lentilles et au saucisson \u00e0 l\u2019ail<\/h1>\n\t\t\t\t<\/div>\n\t\t\t\t<div class=\"cell sm-col-12 lg-col-5 lg-start-8 recipe-details\">\n\t\t\t\t\t<h1 class=\"has-h-2-font-size\">Bols de salade chaude aux lentilles et au saucisson \u00e0 l\u2019ail<\/h1>\n\t\t\t\t\t\t\t\t\t\t\t<p class=\"recipe-excerpt\">Ce bol de salade chaude a tout le confort de l\u2019automne, des lentilles savoureuses et du saucisson \u00e0 l\u2019ail \u00e0 un \u0153uf poch\u00e9 coulant.<\/p>\n\t\t\t\t\t\t\t\t\t\t<div class=\"recipe-statistics grid grid-margin-x grid-margin-y\">\n\t\t\t\t\t\t\t\t\t\t\t\t\t<div class=\"cell sm-col-3 lg-col-6 xxl-col-3\">\n\t\t\t\t\t\t\t\t<p class=\"recipe-statistics-title\">Portions<\/p>\n\t\t\t\t\t\t\t\t<p class=\"recipe-statistics-amount\">4<\/p>\n\t\t\t\t\t\t\t<\/div>\n\t\t\t\t\t\t\t\t\t\t\t\t\t\t\t\t\t\t\t<div class=\"cell sm-col-3 lg-col-6 xxl-col-3\">\n\t\t\t\t\t\t\t\t<p class=\"recipe-statistics-title\">Pr\u00e9paration<\/p>\n\t\t\t\t\t\t\t\t<p class=\"recipe-statistics-amount\">15 <span>Mins<\/span><\/p>\n\t\t\t\t\t\t\t<\/div>\n\t\t\t\t\t\t\t\t\t\t\t\t\t\t\t\t\t\t\t<div class=\"cell sm-col-3 lg-col-6 xxl-col-3\">\n\t\t\t\t\t\t\t\t<p class=\"recipe-statistics-title\">Temps de cuisson<\/p>\n\t\t\t\t\t\t\t\t<p class=\"recipe-statistics-amount\">35 <span>Mins<\/span><\/p>\n\t\t\t\t\t\t\t<\/div>\n\t\t\t\t\t\t\t\t\t\t\t\t\t\t\t\t\t\t\t<div class=\"cell sm-col-3 lg-col-6 xxl-col-3\">\n\t\t\t\t\t\t\t\t<p class=\"recipe-statistics-title\">Niveau<\/p>\n\t\t\t\t\t\t\t\t<span class=\"recipe-level-2\"><\/span>\n\t\t\t\t\t\t\t<\/div>\n\t\t\t\t\t\t\t\t\t\t\t<\/div>\n\t\t\t\t<\/div>\n\t\t\t<\/div>\n\t\t\t\n\n\t<style type=\"text\/css\">\n\t\t.wp-block-tk-spacer.id-53e9cab3-f0f1-49bf-bd43-2cfa2c6eb3f7 {\n\t\theight: 140px;\n\t}\n\n\t@media ( max-width: 640px ) {\n\t\t.wp-block-tk-spacer.id-53e9cab3-f0f1-49bf-bd43-2cfa2c6eb3f7 {\n\t\t\theight: 55px;\n\t\t}\n\t}\t<\/style>\n\t<div class=\"wp-block-tk-spacer id-53e9cab3-f0f1-49bf-bd43-2cfa2c6eb3f7\" aria-hidden=\"true\"><\/div>\n\t\n\n\n<div class=\"wp-block-columns ingredients-section is-layout-flex wp-container-core-columns-is-layout-1 wp-block-columns-is-layout-flex\">\n<div class=\"wp-block-column is-layout-flow wp-block-column-is-layout-flow\" style=\"flex-basis:10%\"><\/div>\n\n\n\n<div class=\"wp-block-column is-layout-flow wp-block-column-is-layout-flow\" style=\"flex-basis:50%\">\n<h2 class=\"wp-block-heading\">Ingr\u00e9dients<\/h2>\n\n\n\t<style type=\"text\/css\">\n\t\t.wp-block-tk-spacer.id-da44a773-3722-46d9-8801-11ef6485fc90 {\n\t\theight: 82px;\n\t}\n\n\t@media ( max-width: 640px ) {\n\t\t.wp-block-tk-spacer.id-da44a773-3722-46d9-8801-11ef6485fc90 {\n\t\t\theight: 3px;\n\t\t}\n\t}\t<\/style>\n\t<div class=\"wp-block-tk-spacer id-da44a773-3722-46d9-8801-11ef6485fc90\" aria-hidden=\"true\"><\/div>\n\t\n\n\n<p>2 patates douces moyennes, pel\u00e9es et coup\u00e9es en d\u00e9s de \u00be de pouce<\/p>\n\n\n\n<p>2 c. \u00e0 soupe d\u2019huile de canola, divis\u00e9e<\/p>\n\n\n\n<p>\u00bd c. \u00e0 th\u00e9 de sel et de poivre chaque, divis\u00e9e<\/p>\n\n\n\n<p>1 grosse courgette, coup\u00e9e en d\u00e9s de \u00be de pouce<\/p>\n\n\n\n<p><span style=\"text-decoration: underline;\">1 (300 g) emballage de&nbsp;<strong>saucisson \u00e0 l\u2019ail ukrainien Schneiders<sup>\u00ae<\/sup><\/strong><\/span>, en tranches \u00e9paisses<\/p>\n\n\n\n<p>1 oignon, coup\u00e9 en d\u00e9s<\/p>\n\n\n\n<p>4 branches de c\u00e9leri, finement hach\u00e9es<\/p>\n\n\n\n<p>\u00bc c. \u00e0 th\u00e9 de flocons de piment rouge \u00e9cras\u00e9s<\/p>\n\n\n\n<p>2 gousses d\u2019ail, \u00e9minc\u00e9es<\/p>\n\n\n\n<p>1\u00bd tasse de lentilles vertes fran\u00e7aises s\u00e8ches<\/p>\n\n\n\n<p>2 c. \u00e0 th\u00e9 de feuilles de thym frais<\/p>\n\n\n\n<p>1 (900 ml) bo\u00eete de bouillon de poulet ou de l\u00e9gumes \u00e0 teneur r\u00e9duite en sodium<\/p>\n\n\n\n<p>\u00bd tasse de canneberges s\u00e9ch\u00e9es<\/p>\n\n\n\n<p>4 tasses de roquette l\u00e9g\u00e8rement tass\u00e9e<\/p>\n\n\n\n<p>4 gros \u0153ufs, poch\u00e9s<\/p>\n\n\n\n<p>\u00bd tasse de f\u00e9ta, \u00e9miett\u00e9e<\/p>\n\n\n\n<p>\u00bc tasse de persil frais, finement hach\u00e9<\/p>\n\n\n\n<p><strong>Vinaigrette :<\/strong><\/p>\n\n\n\n<p>1 petite \u00e9chalote, \u00e9minc\u00e9e<\/p>\n\n\n\n<p>3 c. \u00e0 soupe de vinaigre de x\u00e9r\u00e8s<\/p>\n\n\n\n<p>1 c. \u00e0 soupe de miel<\/p>\n\n\n\n<p>1 c. \u00e0 soupe de moutarde en grains<\/p>\n\n\n\n<p>\u2153 de tasse d\u2019huile d\u2019olive<\/p>\n\n\n\n<p>\u00bc c. \u00e0 th\u00e9 de sel casher<\/p>\n\n\n\n<p>\u00bd c. \u00e0 th\u00e9 de poivre noir<\/p>\n\n\n\t<style type=\"text\/css\">\n\t\t.wp-block-tk-spacer.id-281afbab-0ae9-4a04-aef7-d97b6cf4acc9 {\n\t\theight: 1px;\n\t}\n\n\t@media ( max-width: 640px ) {\n\t\t.wp-block-tk-spacer.id-281afbab-0ae9-4a04-aef7-d97b6cf4acc9 {\n\t\t\theight: 50px;\n\t\t}\n\t}\t<\/style>\n\t<div class=\"wp-block-tk-spacer id-281afbab-0ae9-4a04-aef7-d97b6cf4acc9\" aria-hidden=\"true\"><\/div>\n\t<\/div>\n\n\n\n<div class=\"wp-block-column is-layout-flow wp-block-column-is-layout-flow\" style=\"flex-basis:40%\">\n<figure class=\"wp-block-image aligncenter size-full is-resized is-style-shadow\"><img decoding=\"async\" src=\"https:\/\/schneiders.ca\/fr\/wp-content\/uploads\/sites\/14\/2018\/05\/25188_SCH_Ukrainian_Garlic_Sausage_300g-Resized.png\" alt=\"\" class=\"wp-image-40494\" width=\"471\" height=\"425\" srcset=\"https:\/\/b3412141.smushcdn.com\/3412141\/wp-content\/uploads\/sites\/14\/2018\/05\/25188_SCH_Ukrainian_Garlic_Sausage_300g-Resized.png?lossy=1&amp;strip=1&amp;webp=1 400w, https:\/\/b3412141.smushcdn.com\/3412141\/wp-content\/uploads\/sites\/14\/2018\/05\/25188_SCH_Ukrainian_Garlic_Sausage_300g-Resized-300x271.png?lossy=1&amp;strip=1&amp;webp=1 300w\" sizes=\"(max-width: 471px) 100vw, 471px\" \/><\/figure>\n\n\n\n<p class=\"has-text-align-center no-print\" style=\"text-decoration:underline\">Voir le produit<\/p>\n<\/div>\n<\/div>\n\n\n\t<style type=\"text\/css\">\n\t\t.wp-block-tk-spacer.id-663b5d99-38a4-4f3b-8f93-05797896ee94 {\n\t\theight: 119px;\n\t}\n\n\t@media ( max-width: 640px ) {\n\t\t.wp-block-tk-spacer.id-663b5d99-38a4-4f3b-8f93-05797896ee94 {\n\t\t\theight: 21px;\n\t\t}\n\t}\t<\/style>\n\t<div class=\"wp-block-tk-spacer id-663b5d99-38a4-4f3b-8f93-05797896ee94\" aria-hidden=\"true\"><\/div>\n\t\n\n\n<div class=\"wp-block-columns directions-section is-layout-flex wp-container-core-columns-is-layout-2 wp-block-columns-is-layout-flex\">\n<div class=\"wp-block-column is-layout-flow wp-block-column-is-layout-flow\" style=\"flex-basis:10%\"><\/div>\n\n\n\n<div class=\"wp-block-column align-justify flex-container flex-dir-column is-layout-flow wp-block-column-is-layout-flow\" style=\"padding-top:0px;padding-right:0px;padding-bottom:0px;padding-left:0px;flex-basis:40%\">\n<div class=\"wp-block-group is-layout-constrained wp-block-group-is-layout-constrained\">\n<h2 class=\"wp-block-heading\">Directions<\/h2>\n\n\n\t<style type=\"text\/css\">\n\t\t.wp-block-tk-spacer.id-b2dc638d-31a9-4fa3-9cc8-9a0f77b12533 {\n\t\theight: 66px;\n\t}\n\n\t@media ( max-width: 640px ) {\n\t\t.wp-block-tk-spacer.id-b2dc638d-31a9-4fa3-9cc8-9a0f77b12533 {\n\t\t\theight: 1px;\n\t\t}\n\t}\t<\/style>\n\t<div class=\"wp-block-tk-spacer id-b2dc638d-31a9-4fa3-9cc8-9a0f77b12533\" aria-hidden=\"true\"><\/div>\n\t\n\n\n<p>Pr\u00e9chauffer le four \u00e0 400 \u00b0F. Tapisser une plaque \u00e0 p\u00e2tisserie de papier parchemin. Disposer les patates douces sur la plaque pr\u00e9par\u00e9e; arroser avec 2 c. \u00e0 th\u00e9 d\u2019huile de canola et assaisonner avec la moiti\u00e9 du sel et du poivre. M\u00e9langer pour enrober. Faire cuire au four pendant 20 minutes. Remuer et d\u00e9placer les patates douces d\u2019un c\u00f4t\u00e9 de la plaque. Ajouter les courgettes de l\u2019autre c\u00f4t\u00e9 de la plaque; arroser les courgettes de 2 c. \u00e0 th\u00e9 d\u2019huile de canola et saupoudrer d\u2019une pinc\u00e9e de sel et de poivre. Faire r\u00f4tir, en remuant une fois, jusqu\u2019\u00e0 ce que les l\u00e9gumes soient tendres, environ 15 minutes.<\/p>\n\n\n\n<p>Entre-temps, chauffer les 2 c. \u00e0 th\u00e9 restants d\u2019huile de canola dans une grande po\u00eale \u00e0 feu moyen. Ajouter le saucisson et faire cuire, en remuant de temps en temps, jusqu\u2019\u00e0 ce qu\u2019il soit dor\u00e9, environ 5 minutes, puis le mettre dans une assiette. Ajouter l\u2019oignon, l\u2019ail, le reste du sel et du poivre et les flocons de piment rouge dans la po\u00eale. Faire cuire en remuant pendant 2 minutes jusqu\u2019\u00e0 ce qu\u2019ils soient parfum\u00e9s. Ajouter le c\u00e9leri et cuire jusqu\u2019\u00e0 ce qu\u2019il soit ramolli, en remuant souvent, pendant environ 3 minutes.<\/p>\n\n\n\n<p>Ajouter les lentilles et le thym dans la po\u00eale; remuer pour les enrober. Verser le bouillon et 1 tasse d\u2019eau et porter \u00e0 \u00e9bullition. R\u00e9duire le feu, couvrir et laisser mijoter jusqu\u2019\u00e0 ce que le liquide soit absorb\u00e9 et que les lentilles soient tendres mais gardent leur forme, environ 20 minutes. Ajouter le saucisson en remuant. Couvrir, retirer du feu et garder au chaud.<\/p>\n\n\n\n<p>Dans un grand bol, m\u00e9langer au fouet l\u2019\u00e9chalote, le vinaigre de x\u00e9r\u00e8s, le miel, la moutarde, l\u2019huile d\u2019olive, le sel et le poivre. Ajouter le m\u00e9lange de lentilles, les l\u00e9gumes r\u00f4tis et les canneberges et m\u00e9langer pour enrober.<\/p>\n\n\n\n<p>Pour servir, r\u00e9partir la roquette dans 4 bols peu profonds. D\u00e9poser le m\u00e9lange de lentilles \u00e0 la cuill\u00e8re et garnir chaque bol d\u2019un \u0153uf poch\u00e9. Saupoudrer de f\u00e9ta et de persil.<\/p>\n\n\n\t<style type=\"text\/css\">\n\t\t.wp-block-tk-spacer.id-a83898c2-f4b0-4dee-93c8-68c8329224ba {\n\t\theight: 33px;\n\t}\n\n\t@media ( max-width: 640px ) {\n\t\t.wp-block-tk-spacer.id-a83898c2-f4b0-4dee-93c8-68c8329224ba {\n\t\t\theight: 33px;\n\t\t}\n\t}\t<\/style>\n\t<div class=\"wp-block-tk-spacer id-a83898c2-f4b0-4dee-93c8-68c8329224ba\" aria-hidden=\"true\"><\/div>\n\t<\/div>\n\n\n\t\t\t<div class=\"button-container\">\n\t\t\t\t<button class=\"button is-style-outline print-button\">Imprimer\/Sauvegarder<\/button>\n\t\t\t\t\t\t\t\t\t<div>\n\t\t\t\t\t\t<button class=\"button is-style-outline share-button share-button-modal\">Partager<\/button>\n\t\t\t\t\t\t<div class=\"sharing-block-modal\">\n\t\t\t\t\t\t\t<button class=\"close-button\">\n\t\t\t\t\t\t\t\t<i class=\"fal fa-times\"><\/i>\n\t\t\t\t\t\t\t<\/button>\n\t\t\t\t\t\t\t\t\t\t\t\t\t<\/div>\n\t\t\t\t\t<\/div>\n\t\t\t\t\t\t\t<\/div>\n\t\t<\/div>\n<\/div>\n\n\n\t<style type=\"text\/css\">\n\t\t.wp-block-tk-spacer.id-4a790bc9-4fad-424b-94a3-1b0ee53e026b {\n\t\theight: 171px;\n\t}\n\n\t@media ( max-width: 640px ) {\n\t\t.wp-block-tk-spacer.id-4a790bc9-4fad-424b-94a3-1b0ee53e026b {\n\t\t\theight: 48px;\n\t\t}\n\t}\t<\/style>\n\t<div class=\"wp-block-tk-spacer id-4a790bc9-4fad-424b-94a3-1b0ee53e026b\" aria-hidden=\"true\"><\/div>\n\t\n\n\n<h2 class=\"wp-block-heading no-print\">Autres recettes que vous adorerez<\/h2>\n\n\n\t<style type=\"text\/css\">\n\t\t.wp-block-tk-spacer.id-fd0251fe-1ebe-49bd-82b7-6ef69186e8de {\n\t\theight: 65px;\n\t}\n\n\t@media ( max-width: 640px ) {\n\t\t.wp-block-tk-spacer.id-fd0251fe-1ebe-49bd-82b7-6ef69186e8de {\n\t\t\theight: 33px;\n\t\t}\n\t}\t<\/style>\n\t<div class=\"wp-block-tk-spacer id-fd0251fe-1ebe-49bd-82b7-6ef69186e8de\" aria-hidden=\"true\"><\/div>\n\t\n\n\t\t\t\t<div class=\"grid grid-margin-x grid-margin-y\">\n\t\t\t\t\t\n<div class=\"cell sm-col-12 md-col-4\">\n\t<article class=\"post-type-card recipe-card post-61771 mlf_recipe type-mlf_recipe status-publish has-post-thumbnail hentry mlf_protein_type-saucissons-fumes mlf_meal_type-dejeuner mlf_meal_type-luncch mlf_meal_type-souper\">\n\t\t<a href=\"https:\/\/schneiders.ca\/fr\/recettes\/poelee-de-poivrons-et-de-saucissons-smokies-epices-et-glaces\/\">\n\t\t\t<header class=\"entry-header\">\n\t\t\t\t\t<img decoding=\"async\" src=\"https:\/\/schneiders.ca\/fr\/wp-content\/uploads\/sites\/14\/2025\/05\/3.-SPICEY_SMOKEY-SKILLET_1305-scaled.jpg?resize=350,298\" alt=\"Po\u00eal\u00e9e de poivrons et de saucissons Smokies \u00e9pic\u00e9s et glac\u00e9s\" height=\"298\" width=\"350\" class=\"\" \/>\n\t\t\t\t<\/header>\n\t\t\t<div class=\"entry-content\">\n\t\t\t\t<h3 class=\"heading\">Po\u00eal\u00e9e de poivrons et de saucissons Smokies \u00e9pic\u00e9s et glac\u00e9s<\/h3>\n\t\t\t\t\t\t\t\t\t<p class=\"sub-heading\">Piquantes et tendres Bouch\u00e9es de poulet cajuns<\/p>\n\t\t\t\t\t\t\t<\/div>\n\t\t<\/a>\n\t<\/article>\n<\/div>\n\n<div class=\"cell sm-col-12 md-col-4\">\n\t<article class=\"post-type-card recipe-card post-61768 mlf_recipe type-mlf_recipe status-publish has-post-thumbnail hentry mlf_protein_type-saucisses-fumees mlf_meal_type-accompagnements\">\n\t\t<a href=\"https:\/\/schneiders.ca\/fr\/recettes\/roules-croustillants-aux-saucisses-au-fromage-et-au-jalapeno\/\">\n\t\t\t<header class=\"entry-header\">\n\t\t\t\t\t<img decoding=\"async\" src=\"https:\/\/schneiders.ca\/fr\/wp-content\/uploads\/sites\/14\/2025\/05\/2.-Jalapeno-hotdog-Rollups_1276-scaled.jpg?resize=350,298\" alt=\"Roul\u00e9s croustillants aux saucisses au fromage et au jalape\u00f1o\" height=\"298\" width=\"350\" class=\"\" \/>\n\t\t\t\t<\/header>\n\t\t\t<div class=\"entry-content\">\n\t\t\t\t<h3 class=\"heading\">Roul\u00e9s croustillants aux saucisses au fromage et au jalape\u00f1o<\/h3>\n\t\t\t\t\t\t\t\t\t<p class=\"sub-heading\">Piquantes et tendres Bouch\u00e9es de poulet cajuns<\/p>\n\t\t\t\t\t\t\t<\/div>\n\t\t<\/a>\n\t<\/article>\n<\/div>\n\n<div class=\"cell sm-col-12 md-col-4\">\n\t<article class=\"post-type-card recipe-card post-61765 mlf_recipe type-mlf_recipe status-publish has-post-thumbnail hentry mlf_protein_type-saucisses-fumees mlf_meal_type-bbq mlf_meal_type-luncch\">\n\t\t<a href=\"https:\/\/schneiders.ca\/fr\/recettes\/hot-dogs-farcis-au-cheddar-sur-petits-pains-au-levain\/\">\n\t\t\t<header class=\"entry-header\">\n\t\t\t\t\t<img decoding=\"async\" src=\"https:\/\/schneiders.ca\/fr\/wp-content\/uploads\/sites\/14\/2025\/05\/4.-SOURDOUGH-DOGS-OVERHEAD-scaled.jpg?resize=350,298\" alt=\"\" height=\"298\" width=\"350\" class=\"\" \/>\n\t\t\t\t<\/header>\n\t\t\t<div class=\"entry-content\">\n\t\t\t\t<h3 class=\"heading\">Hot-dogs farcis au cheddar sur petits pains au levain<\/h3>\n\t\t\t\t\t\t\t\t\t<p class=\"sub-heading\">Piquantes et tendres Bouch\u00e9es de poulet cajuns<\/p>\n\t\t\t\t\t\t\t<\/div>\n\t\t<\/a>\n\t<\/article>\n<\/div>\n\t\t\t\t<\/div>\n\t\t\t\t","protected":false},"excerpt":{"rendered":"<p>Ce bol de salade chaude a tout le confort de l\u2019automne, des lentilles savoureuses et du saucisson \u00e0 l\u2019ail \u00e0 un \u0153uf poch\u00e9 coulant.<\/p>\n","protected":false},"featured_media":59481,"template":"","mlf_protein_type":[28],"mlf_meal_type":[23],"class_list":["post-251","mlf_recipe","type-mlf_recipe","status-publish","has-post-thumbnail","hentry","mlf_protein_type-saucisson-de-specialite","mlf_meal_type-souper"],"acf":[],"yoast_head":"<!-- This site is optimized with the Yoast SEO plugin v21.7 - https:\/\/yoast.com\/wordpress\/plugins\/seo\/ -->\n<title>Bols de salade chaude aux lentilles et au saucisson \u00e0 l\u2019ail - Schneiders<\/title>\n<meta name=\"robots\" content=\"index, follow, max-snippet:-1, max-image-preview:large, max-video-preview:-1\" \/>\n<link rel=\"canonical\" href=\"https:\/\/schneiders.ca\/fr\/recettes\/bols-de-salade-chaude-aux-lentilles-et-au-saucisson-a-lail\/\" \/>\n<meta property=\"og:locale\" content=\"fr_FR\" \/>\n<meta property=\"og:type\" content=\"article\" \/>\n<meta property=\"og:title\" content=\"Bols de salade chaude aux lentilles et au saucisson \u00e0 l\u2019ail - Schneiders\" \/>\n<meta property=\"og:description\" content=\"Ce bol de salade chaude a tout le confort de l\u2019automne, des lentilles savoureuses et du saucisson \u00e0 l\u2019ail \u00e0 un \u0153uf poch\u00e9 coulant.\" \/>\n<meta property=\"og:url\" content=\"https:\/\/schneiders.ca\/fr\/recettes\/bols-de-salade-chaude-aux-lentilles-et-au-saucisson-a-lail\/\" \/>\n<meta property=\"og:site_name\" content=\"Schneiders\" \/>\n<meta property=\"article:modified_time\" content=\"2023-08-30T17:30:54+00:00\" \/>\n<meta property=\"og:image\" content=\"https:\/\/schneiders.ca\/fr\/wp-content\/uploads\/sites\/14\/2023\/05\/Warm-Lentil-Sausage-Salad-Bowl.jpg\" \/>\n\t<meta property=\"og:image:width\" content=\"1000\" \/>\n\t<meta property=\"og:image:height\" content=\"667\" \/>\n\t<meta property=\"og:image:type\" content=\"image\/jpeg\" \/>\n<meta name=\"twitter:card\" content=\"summary_large_image\" \/>\n<meta name=\"twitter:label1\" content=\"Dur\u00e9e de lecture estim\u00e9e\" \/>\n\t<meta name=\"twitter:data1\" content=\"3 minutes\" \/>\n<script type=\"application\/ld+json\" class=\"yoast-schema-graph\">{\"@context\":\"https:\/\/schema.org\",\"@graph\":[{\"@type\":\"WebPage\",\"@id\":\"https:\/\/schneiders.ca\/fr\/recettes\/bols-de-salade-chaude-aux-lentilles-et-au-saucisson-a-lail\/\",\"url\":\"https:\/\/schneiders.ca\/fr\/recettes\/bols-de-salade-chaude-aux-lentilles-et-au-saucisson-a-lail\/\",\"name\":\"Bols de salade chaude aux lentilles et au saucisson \u00e0 l\u2019ail - Schneiders\",\"isPartOf\":{\"@id\":\"https:\/\/schneiders.ca\/fr\/#website\"},\"datePublished\":\"2023-05-19T13:35:43+00:00\",\"dateModified\":\"2023-08-30T17:30:54+00:00\",\"breadcrumb\":{\"@id\":\"https:\/\/schneiders.ca\/fr\/recettes\/bols-de-salade-chaude-aux-lentilles-et-au-saucisson-a-lail\/#breadcrumb\"},\"inLanguage\":\"fr-FR\",\"potentialAction\":[{\"@type\":\"ReadAction\",\"target\":[\"https:\/\/schneiders.ca\/fr\/recettes\/bols-de-salade-chaude-aux-lentilles-et-au-saucisson-a-lail\/\"]}]},{\"@type\":\"BreadcrumbList\",\"@id\":\"https:\/\/schneiders.ca\/fr\/recettes\/bols-de-salade-chaude-aux-lentilles-et-au-saucisson-a-lail\/#breadcrumb\",\"itemListElement\":[{\"@type\":\"ListItem\",\"position\":1,\"name\":\"Home\",\"item\":\"https:\/\/schneiders.ca\/fr\/\"},{\"@type\":\"ListItem\",\"position\":2,\"name\":\"Bols de salade chaude aux lentilles et au saucisson \u00e0 l\u2019ail\"}]},{\"@type\":\"WebSite\",\"@id\":\"https:\/\/schneiders.ca\/fr\/#website\",\"url\":\"https:\/\/schneiders.ca\/fr\/\",\"name\":\"Schneiders\",\"description\":\"La qualit\u00e9 n\u2019a pas d\u2019\u00e2ge\",\"publisher\":{\"@id\":\"https:\/\/schneiders.ca\/fr\/#organization\"},\"potentialAction\":[{\"@type\":\"SearchAction\",\"target\":{\"@type\":\"EntryPoint\",\"urlTemplate\":\"https:\/\/schneiders.ca\/fr\/?s={search_term_string}\"},\"query-input\":\"required name=search_term_string\"}],\"inLanguage\":\"fr-FR\"},{\"@type\":\"Organization\",\"@id\":\"https:\/\/schneiders.ca\/fr\/#organization\",\"name\":\"Schneiders\",\"url\":\"https:\/\/schneiders.ca\/fr\/\",\"logo\":{\"@type\":\"ImageObject\",\"inLanguage\":\"fr-FR\",\"@id\":\"https:\/\/schneiders.ca\/fr\/#\/schema\/logo\/image\/\",\"url\":\"https:\/\/schneiders.ca\/fr\/wp-content\/uploads\/sites\/14\/2023\/06\/schneiders-logo-4.png\",\"contentUrl\":\"https:\/\/schneiders.ca\/fr\/wp-content\/uploads\/sites\/14\/2023\/06\/schneiders-logo-4.png\",\"width\":261,\"height\":145,\"caption\":\"Schneiders\"},\"image\":{\"@id\":\"https:\/\/schneiders.ca\/fr\/#\/schema\/logo\/image\/\"}}]}<\/script>\n<!-- \/ Yoast SEO plugin. -->","yoast_head_json":{"title":"Bols de salade chaude aux lentilles et au saucisson \u00e0 l\u2019ail - Schneiders","robots":{"index":"index","follow":"follow","max-snippet":"max-snippet:-1","max-image-preview":"max-image-preview:large","max-video-preview":"max-video-preview:-1"},"canonical":"https:\/\/schneiders.ca\/fr\/recettes\/bols-de-salade-chaude-aux-lentilles-et-au-saucisson-a-lail\/","og_locale":"fr_FR","og_type":"article","og_title":"Bols de salade chaude aux lentilles et au saucisson \u00e0 l\u2019ail - Schneiders","og_description":"Ce bol de salade chaude a tout le confort de l\u2019automne, des lentilles savoureuses et du saucisson \u00e0 l\u2019ail \u00e0 un \u0153uf poch\u00e9 coulant.","og_url":"https:\/\/schneiders.ca\/fr\/recettes\/bols-de-salade-chaude-aux-lentilles-et-au-saucisson-a-lail\/","og_site_name":"Schneiders","article_modified_time":"2023-08-30T17:30:54+00:00","og_image":[{"width":1000,"height":667,"url":"https:\/\/schneiders.ca\/fr\/wp-content\/uploads\/sites\/14\/2023\/05\/Warm-Lentil-Sausage-Salad-Bowl.jpg","type":"image\/jpeg"}],"twitter_card":"summary_large_image","twitter_misc":{"Dur\u00e9e de lecture estim\u00e9e":"3 minutes"},"schema":{"@context":"https:\/\/schema.org","@graph":[{"@type":"WebPage","@id":"https:\/\/schneiders.ca\/fr\/recettes\/bols-de-salade-chaude-aux-lentilles-et-au-saucisson-a-lail\/","url":"https:\/\/schneiders.ca\/fr\/recettes\/bols-de-salade-chaude-aux-lentilles-et-au-saucisson-a-lail\/","name":"Bols de salade chaude aux lentilles et au saucisson \u00e0 l\u2019ail - Schneiders","isPartOf":{"@id":"https:\/\/schneiders.ca\/fr\/#website"},"datePublished":"2023-05-19T13:35:43+00:00","dateModified":"2023-08-30T17:30:54+00:00","breadcrumb":{"@id":"https:\/\/schneiders.ca\/fr\/recettes\/bols-de-salade-chaude-aux-lentilles-et-au-saucisson-a-lail\/#breadcrumb"},"inLanguage":"fr-FR","potentialAction":[{"@type":"ReadAction","target":["https:\/\/schneiders.ca\/fr\/recettes\/bols-de-salade-chaude-aux-lentilles-et-au-saucisson-a-lail\/"]}]},{"@type":"BreadcrumbList","@id":"https:\/\/schneiders.ca\/fr\/recettes\/bols-de-salade-chaude-aux-lentilles-et-au-saucisson-a-lail\/#breadcrumb","itemListElement":[{"@type":"ListItem","position":1,"name":"Home","item":"https:\/\/schneiders.ca\/fr\/"},{"@type":"ListItem","position":2,"name":"Bols de salade chaude aux lentilles et au saucisson \u00e0 l\u2019ail"}]},{"@type":"WebSite","@id":"https:\/\/schneiders.ca\/fr\/#website","url":"https:\/\/schneiders.ca\/fr\/","name":"Schneiders","description":"La qualit\u00e9 n\u2019a pas d\u2019\u00e2ge","publisher":{"@id":"https:\/\/schneiders.ca\/fr\/#organization"},"potentialAction":[{"@type":"SearchAction","target":{"@type":"EntryPoint","urlTemplate":"https:\/\/schneiders.ca\/fr\/?s={search_term_string}"},"query-input":"required name=search_term_string"}],"inLanguage":"fr-FR"},{"@type":"Organization","@id":"https:\/\/schneiders.ca\/fr\/#organization","name":"Schneiders","url":"https:\/\/schneiders.ca\/fr\/","logo":{"@type":"ImageObject","inLanguage":"fr-FR","@id":"https:\/\/schneiders.ca\/fr\/#\/schema\/logo\/image\/","url":"https:\/\/schneiders.ca\/fr\/wp-content\/uploads\/sites\/14\/2023\/06\/schneiders-logo-4.png","contentUrl":"https:\/\/schneiders.ca\/fr\/wp-content\/uploads\/sites\/14\/2023\/06\/schneiders-logo-4.png","width":261,"height":145,"caption":"Schneiders"},"image":{"@id":"https:\/\/schneiders.ca\/fr\/#\/schema\/logo\/image\/"}}]}},"jetpack_sharing_enabled":true,"_links":{"self":[{"href":"https:\/\/schneiders.ca\/fr\/wp-json\/wp\/v2\/mlf_recipe\/251"}],"collection":[{"href":"https:\/\/schneiders.ca\/fr\/wp-json\/wp\/v2\/mlf_recipe"}],"about":[{"href":"https:\/\/schneiders.ca\/fr\/wp-json\/wp\/v2\/types\/mlf_recipe"}],"wp:featuredmedia":[{"embeddable":true,"href":"https:\/\/schneiders.ca\/fr\/wp-json\/wp\/v2\/media\/59481"}],"wp:attachment":[{"href":"https:\/\/schneiders.ca\/fr\/wp-json\/wp\/v2\/media?parent=251"}],"wp:term":[{"taxonomy":"mlf_protein_type","embeddable":true,"href":"https:\/\/schneiders.ca\/fr\/wp-json\/wp\/v2\/mlf_protein_type?post=251"},{"taxonomy":"mlf_meal_type","embeddable":true,"href":"https:\/\/schneiders.ca\/fr\/wp-json\/wp\/v2\/mlf_meal_type?post=251"}],"curies":[{"name":"wp","href":"https:\/\/api.w.org\/{rel}","templated":true}]}}