{"id":331,"date":"2023-05-19T13:36:01","date_gmt":"2023-05-19T13:36:01","guid":{"rendered":"https:\/\/staging.schneiders.ca\/fr\/recettes\/tranches-de-jambon-avec-legumes-rotis-au-four\/"},"modified":"2023-09-08T20:18:30","modified_gmt":"2023-09-08T20:18:30","slug":"tranches-de-jambon-avec-legumes-rotis-au-four","status":"publish","type":"mlf_recipe","link":"https:\/\/schneiders.ca\/fr\/recettes\/tranches-de-jambon-avec-legumes-rotis-au-four\/","title":{"rendered":"Tranches de jambon avec l\u00e9gumes r\u00f4tis au four"},"content":{"rendered":"\t\t\t\t\t<div class=\"grid grid-margin-x grid-margin-y\">\n\t\t\t\t<div class=\"cell sm-col-12 lg-col-6 image-container\"\n\t\t\t\t\t style=\"background-image:url('https:\/\/schneiders.ca\/fr\/wp-content\/uploads\/sites\/14\/2023\/05\/Ham-Steaks-hero-web.jpeg');\n\t\t\t\t\t\t\tbackground-position: 0% 75%;\">\n\t\t\t\t\t<h1 class=\"has-h-2-font-size\">Tranches de jambon avec l\u00e9gumes r\u00f4tis au four<\/h1>\n\t\t\t\t<\/div>\n\t\t\t\t<div class=\"cell sm-col-12 lg-col-5 lg-start-8 recipe-details\">\n\t\t\t\t\t<h1 class=\"has-h-2-font-size\">Tranches de jambon avec l\u00e9gumes r\u00f4tis au four<\/h1>\n\t\t\t\t\t\t\t\t\t\t\t<p class=\"recipe-excerpt\">Nos fameuses tranches de jambon fum\u00e9 au bois de pommier sont la base d\u00e9licieuse de cette recette qui c\u00e9l\u00e8bre le meilleur des produits canadiens. Le r\u00f4tissage des l\u00e9gumes au four rehausse leurs saveurs incroyables, et le tout est li\u00e9 \u00e0 une vinaigrette si bonne que vous en voudrez pour une salade.<\/p>\n\t\t\t\t\t\t\t\t\t\t<div class=\"recipe-statistics grid grid-margin-x grid-margin-y\">\n\t\t\t\t\t\t\t\t\t\t\t\t\t<div class=\"cell sm-col-3 lg-col-6 xxl-col-3\">\n\t\t\t\t\t\t\t\t<p class=\"recipe-statistics-title\">Portions<\/p>\n\t\t\t\t\t\t\t\t<p class=\"recipe-statistics-amount\">2<\/p>\n\t\t\t\t\t\t\t<\/div>\n\t\t\t\t\t\t\t\t\t\t\t\t\t\t\t\t\t\t\t<div class=\"cell sm-col-3 lg-col-6 xxl-col-3\">\n\t\t\t\t\t\t\t\t<p class=\"recipe-statistics-title\">Pr\u00e9paration<\/p>\n\t\t\t\t\t\t\t\t<p class=\"recipe-statistics-amount\">15 <span>Mins<\/span><\/p>\n\t\t\t\t\t\t\t<\/div>\n\t\t\t\t\t\t\t\t\t\t\t\t\t\t\t\t\t\t\t<div class=\"cell sm-col-3 lg-col-6 xxl-col-3\">\n\t\t\t\t\t\t\t\t<p class=\"recipe-statistics-title\">Temps de cuisson<\/p>\n\t\t\t\t\t\t\t\t<p class=\"recipe-statistics-amount\">35 <span>Mins<\/span><\/p>\n\t\t\t\t\t\t\t<\/div>\n\t\t\t\t\t\t\t\t\t\t\t\t\t\t\t\t\t\t\t<div class=\"cell sm-col-3 lg-col-6 xxl-col-3\">\n\t\t\t\t\t\t\t\t<p class=\"recipe-statistics-title\">Niveau<\/p>\n\t\t\t\t\t\t\t\t<span class=\"recipe-level-2\"><\/span>\n\t\t\t\t\t\t\t<\/div>\n\t\t\t\t\t\t\t\t\t\t\t<\/div>\n\t\t\t\t<\/div>\n\t\t\t<\/div>\n\t\t\t\n\n\t<style type=\"text\/css\">\n\t\t.wp-block-tk-spacer.id-e6394901-9216-49fd-821b-08ad6c563df8 {\n\t\theight: 140px;\n\t}\n\n\t@media ( max-width: 640px ) {\n\t\t.wp-block-tk-spacer.id-e6394901-9216-49fd-821b-08ad6c563df8 {\n\t\t\theight: 55px;\n\t\t}\n\t}\t<\/style>\n\t<div class=\"wp-block-tk-spacer id-e6394901-9216-49fd-821b-08ad6c563df8\" aria-hidden=\"true\"><\/div>\n\t\n\n\n<div class=\"wp-block-columns ingredients-section is-layout-flex wp-container-core-columns-is-layout-1 wp-block-columns-is-layout-flex\">\n<div class=\"wp-block-column is-layout-flow wp-block-column-is-layout-flow\" style=\"flex-basis:50%\">\n<h2 class=\"wp-block-heading\">Ingr\u00e9dients<\/h2>\n\n\n\t<style type=\"text\/css\">\n\t\t.wp-block-tk-spacer.id-ce57cd88-dfec-42df-b1ad-1acec8d922a6 {\n\t\theight: 82px;\n\t}\n\n\t@media ( max-width: 640px ) {\n\t\t.wp-block-tk-spacer.id-ce57cd88-dfec-42df-b1ad-1acec8d922a6 {\n\t\t\theight: 3px;\n\t\t}\n\t}\t<\/style>\n\t<div class=\"wp-block-tk-spacer id-ce57cd88-dfec-42df-b1ad-1acec8d922a6\" aria-hidden=\"true\"><\/div>\n\t\n\n\n<p>2 tranches de jambon Original Schneiders\u00ae <\/p>\n\n\n\n<p>1 lb de carottes anciennes, pel\u00e9es, coup\u00e9es en rondelles<\/p>\n\n\n\n<p>\u00bd lb de petites pommes de terre fingerling, coup\u00e9es en deux<\/p>\n\n\n\n<p>10 pointes d\u2019asperges vertes (pointes \u00e9paisses), par\u00e9es et coup\u00e9es en deux en biais<\/p>\n\n\n\n<p>3 c. \u00e0 soupe d\u2019huile d\u2019olive1 gousse d\u2019ail, finement hach\u00e9e<\/p>\n\n\n\n<p>1 c. \u00e0 soupe de thym frais, grossi\u00e8rement hach\u00e9Sel et poivre<\/p>\n\n\n\n<p>1 c. \u00e0 soupe d\u2019huile v\u00e9g\u00e9tale<\/p>\n\n\n\t<style type=\"text\/css\">\n\t\t.wp-block-tk-spacer.id-99148e56-7418-40ee-8325-78d0b198169e {\n\t\theight: 15px;\n\t}\n\n\t@media ( max-width: 640px ) {\n\t\t.wp-block-tk-spacer.id-99148e56-7418-40ee-8325-78d0b198169e {\n\t\t\theight: 15px;\n\t\t}\n\t}\t<\/style>\n\t<div class=\"wp-block-tk-spacer id-99148e56-7418-40ee-8325-78d0b198169e\" aria-hidden=\"true\"><\/div>\n\t\n\n\n<p><strong>Vinaigrette \u00e0 la pancetta et aux pignons<\/strong>:<\/p>\n\n\n\t<style type=\"text\/css\">\n\t\t.wp-block-tk-spacer.id-66352983-d2d0-476f-84fd-002cf41246f1 {\n\t\theight: 5px;\n\t}\n\n\t@media ( max-width: 640px ) {\n\t\t.wp-block-tk-spacer.id-66352983-d2d0-476f-84fd-002cf41246f1 {\n\t\t\theight: 5px;\n\t\t}\n\t}\t<\/style>\n\t<div class=\"wp-block-tk-spacer id-66352983-d2d0-476f-84fd-002cf41246f1\" aria-hidden=\"true\"><\/div>\n\t\n\n\n<p>\u00bc de tasse de pancetta, coup\u00e9e en d\u00e9s de \u00bc pouce<\/p>\n\n\n\n<p>3 \u00e9chalotes, finement tranch\u00e9es1 gousse d\u2019ail, finement hach\u00e9e<\/p>\n\n\n\n<p>1 c. \u00e0 soupe de pignons grill\u00e9s, grossi\u00e8rement hach\u00e9s2 c. \u00e0 soupe de vinaigre de vin rouge<\/p>\n\n\n\n<p>3 c. \u00e0 soupe d\u2019huile d\u2019olive<\/p>\n\n\n\n<p>\u00bc c. \u00e0 th\u00e9 de flocons de chili<\/p>\n\n\n\n<p>2 c. \u00e0 soupe de persil italien, grossi\u00e8rement hach\u00e9<\/p>\n\n\n\t<style type=\"text\/css\">\n\t\t.wp-block-tk-spacer.id-3afa6322-dbf2-4777-bbd7-9041d174365b {\n\t\theight: 1px;\n\t}\n\n\t@media ( max-width: 640px ) {\n\t\t.wp-block-tk-spacer.id-3afa6322-dbf2-4777-bbd7-9041d174365b {\n\t\t\theight: 50px;\n\t\t}\n\t}\t<\/style>\n\t<div class=\"wp-block-tk-spacer id-3afa6322-dbf2-4777-bbd7-9041d174365b\" aria-hidden=\"true\"><\/div>\n\t<\/div>\n\n\n\n<div class=\"wp-block-column is-layout-flow wp-block-column-is-layout-flow\" style=\"flex-basis:40%\">\n<figure class=\"wp-block-image size-large is-style-shadow\"><img decoding=\"async\" width=\"1024\" height=\"607\" src=\"https:\/\/schneiders.ca\/fr\/wp-content\/uploads\/sites\/14\/2018\/03\/20163_SCH_Ham_Steak_175g-1-1024x607.png\" alt=\"\" class=\"wp-image-7304\" srcset=\"https:\/\/b3412141.smushcdn.com\/3412141\/wp-content\/uploads\/sites\/14\/2018\/03\/20163_SCH_Ham_Steak_175g-1-1024x607.png?lossy=1&amp;strip=1&amp;webp=1 1024w, https:\/\/b3412141.smushcdn.com\/3412141\/wp-content\/uploads\/sites\/14\/2018\/03\/20163_SCH_Ham_Steak_175g-1-300x178.png?lossy=1&amp;strip=1&amp;webp=1 300w, https:\/\/b3412141.smushcdn.com\/3412141\/wp-content\/uploads\/sites\/14\/2018\/03\/20163_SCH_Ham_Steak_175g-1-768x455.png?lossy=1&amp;strip=1&amp;webp=1 768w, https:\/\/b3412141.smushcdn.com\/3412141\/wp-content\/uploads\/sites\/14\/2018\/03\/20163_SCH_Ham_Steak_175g-1-1536x911.png?lossy=1&amp;strip=1&amp;webp=1 1536w, https:\/\/b3412141.smushcdn.com\/3412141\/wp-content\/uploads\/sites\/14\/2018\/03\/20163_SCH_Ham_Steak_175g-1-2048x1214.png?lossy=1&amp;strip=1&amp;webp=1 2048w\" sizes=\"(max-width: 1024px) 100vw, 1024px\" \/><\/figure>\n\n\n\n<p class=\"has-text-align-center no-print\" style=\"text-decoration:underline\"><a href=\"https:\/\/schneiders.ca\/fr\/produits\/tranche-de-jambon-original\/\">Voir le produit<\/a><\/p>\n<\/div>\n<\/div>\n\n\n\t<style type=\"text\/css\">\n\t\t.wp-block-tk-spacer.id-b2c07482-bf72-4eff-8604-ce24839a5cb1 {\n\t\theight: 119px;\n\t}\n\n\t@media ( max-width: 640px ) {\n\t\t.wp-block-tk-spacer.id-b2c07482-bf72-4eff-8604-ce24839a5cb1 {\n\t\t\theight: 21px;\n\t\t}\n\t}\t<\/style>\n\t<div class=\"wp-block-tk-spacer id-b2c07482-bf72-4eff-8604-ce24839a5cb1\" aria-hidden=\"true\"><\/div>\n\t\n\n\n<div class=\"wp-block-columns directions-section is-layout-flex wp-container-core-columns-is-layout-2 wp-block-columns-is-layout-flex\">\n<div class=\"wp-block-column align-justify flex-container flex-dir-column is-layout-flow wp-block-column-is-layout-flow\" style=\"padding-top:0px;padding-right:0px;padding-bottom:0px;padding-left:0px;flex-basis:40%\">\n<div class=\"wp-block-group is-layout-constrained wp-block-group-is-layout-constrained\">\n<h2 class=\"wp-block-heading\">Directions<\/h2>\n\n\n\t<style type=\"text\/css\">\n\t\t.wp-block-tk-spacer.id-99ad6ce7-fdf4-4e97-a136-b8cb52a0de85 {\n\t\theight: 66px;\n\t}\n\n\t@media ( max-width: 640px ) {\n\t\t.wp-block-tk-spacer.id-99ad6ce7-fdf4-4e97-a136-b8cb52a0de85 {\n\t\t\theight: 1px;\n\t\t}\n\t}\t<\/style>\n\t<div class=\"wp-block-tk-spacer id-99ad6ce7-fdf4-4e97-a136-b8cb52a0de85\" aria-hidden=\"true\"><\/div>\n\t\n\n\n<p>Pr\u00e9chauffer le four \u00e0 375 \u00b0F.<\/p>\n\n\n\n<p>Tapisser une plaque \u00e0 p\u00e2tisserie de papier parchemin.<\/p>\n\n\n\n<p>Dans un grand bol, ajouter les carottes, les pommes de terre fingerling, 2 c. \u00e0 soupe d\u2019huile, l\u2019ail, le thym et assaisonner de sel et de poivre. M\u00e9langer pour que les l\u00e9gumes soient enrob\u00e9s, puis d\u00e9poser sur la plaque \u00e0 p\u00e2tisserie en une seule couche.<\/p>\n\n\n\n<p>Faire r\u00f4tir les carottes et les pommes de terre pendant 25 minutes, en remuant une fois au bout de 15 minutes. Mettre les asperges dans un bol et ajouter 1 c. \u00e0 soupe d\u2019huile, puis remuer.<\/p>\n\n\n\n<p>Ajouter les asperges aux carottes et aux pommes de terre et faire cuire pendant 10 \u00e0 12 minutes de plus, ou jusqu\u2019\u00e0 ce que les asperges soient tendres mais aient encore un peu de croquant.<\/p>\n\n\n\n<p>Pr\u00e9parer la vinaigrette. Dans une petite casserole, ajouter l\u2019huile d\u2019olive et la pancetta et faire cuire \u00e0 feu doux jusqu\u2019\u00e0 ce que la pancetta soit l\u00e9g\u00e8rement dor\u00e9e.<\/p>\n\n\n\n<p>Ajouter les \u00e9chalotes et l\u2019ail et cuire pendant une minute ou deux jusqu\u2019\u00e0 ce que les \u00e9chalotes soient tendres et l\u2019ail parfum\u00e9.<\/p>\n\n\n\n<p>Ajouter le vinaigre, les flocons de chili, le persil et les pignons et remuer pour combiner le tout. Assaisonner de sel et de poivre.<\/p>\n\n\n\t<style type=\"text\/css\">\n\t\t.wp-block-tk-spacer.id-eaca9757-b8f9-4968-a353-58f35a2d2160 {\n\t\theight: 33px;\n\t}\n\n\t@media ( max-width: 640px ) {\n\t\t.wp-block-tk-spacer.id-eaca9757-b8f9-4968-a353-58f35a2d2160 {\n\t\t\theight: 33px;\n\t\t}\n\t}\t<\/style>\n\t<div class=\"wp-block-tk-spacer id-eaca9757-b8f9-4968-a353-58f35a2d2160\" aria-hidden=\"true\"><\/div>\n\t<\/div>\n\n\n\t\t\t<div class=\"button-container\">\n\t\t\t\t<button class=\"button is-style-outline print-button\">Imprimer\/Sauvegarder<\/button>\n\t\t\t\t\t\t\t\t\t<div>\n\t\t\t\t\t\t<button class=\"button is-style-outline share-button share-button-modal\">Partager<\/button>\n\t\t\t\t\t\t<div class=\"sharing-block-modal\">\n\t\t\t\t\t\t\t<button class=\"close-button\">\n\t\t\t\t\t\t\t\t<i class=\"fal fa-times\"><\/i>\n\t\t\t\t\t\t\t<\/button>\n\t\t\t\t\t\t\t\t\t\t\t\t\t<\/div>\n\t\t\t\t\t<\/div>\n\t\t\t\t\t\t\t<\/div>\n\t\t<\/div>\n<\/div>\n\n\n\t<style type=\"text\/css\">\n\t\t.wp-block-tk-spacer.id-b7c02590-520b-4ced-81ca-dc476ac90922 {\n\t\theight: 171px;\n\t}\n\n\t@media ( max-width: 640px ) {\n\t\t.wp-block-tk-spacer.id-b7c02590-520b-4ced-81ca-dc476ac90922 {\n\t\t\theight: 48px;\n\t\t}\n\t}\t<\/style>\n\t<div class=\"wp-block-tk-spacer id-b7c02590-520b-4ced-81ca-dc476ac90922\" aria-hidden=\"true\"><\/div>\n\t\n\n\n<h2 class=\"wp-block-heading no-print\">Autres recettes que vous adorerez<\/h2>\n\n\n\t<style type=\"text\/css\">\n\t\t.wp-block-tk-spacer.id-ea493661-8d4d-48df-93de-baad8a304183 {\n\t\theight: 65px;\n\t}\n\n\t@media ( max-width: 640px ) {\n\t\t.wp-block-tk-spacer.id-ea493661-8d4d-48df-93de-baad8a304183 {\n\t\t\theight: 33px;\n\t\t}\n\t}\t<\/style>\n\t<div class=\"wp-block-tk-spacer id-ea493661-8d4d-48df-93de-baad8a304183\" aria-hidden=\"true\"><\/div>\n\t\n\n\t\t\t\t<div class=\"grid grid-margin-x grid-margin-y\">\n\t\t\t\t\t\n<div class=\"cell sm-col-12 md-col-4\">\n\t<article class=\"post-type-card recipe-card post-61771 mlf_recipe type-mlf_recipe status-publish has-post-thumbnail hentry mlf_protein_type-saucissons-fumes mlf_meal_type-dejeuner mlf_meal_type-luncch mlf_meal_type-souper\">\n\t\t<a href=\"https:\/\/schneiders.ca\/fr\/recettes\/poelee-de-poivrons-et-de-saucissons-smokies-epices-et-glaces\/\">\n\t\t\t<header class=\"entry-header\">\n\t\t\t\t\t<img decoding=\"async\" src=\"https:\/\/schneiders.ca\/fr\/wp-content\/uploads\/sites\/14\/2025\/05\/3.-SPICEY_SMOKEY-SKILLET_1305-scaled.jpg?resize=350,298\" alt=\"Po\u00eal\u00e9e de poivrons et de saucissons Smokies \u00e9pic\u00e9s et glac\u00e9s\" height=\"298\" width=\"350\" class=\"\" \/>\n\t\t\t\t<\/header>\n\t\t\t<div class=\"entry-content\">\n\t\t\t\t<h3 class=\"heading\">Po\u00eal\u00e9e de poivrons et de saucissons Smokies \u00e9pic\u00e9s et glac\u00e9s<\/h3>\n\t\t\t\t\t\t\t\t\t<p class=\"sub-heading\">Piquantes et tendres Bouch\u00e9es de poulet cajuns<\/p>\n\t\t\t\t\t\t\t<\/div>\n\t\t<\/a>\n\t<\/article>\n<\/div>\n\n<div class=\"cell sm-col-12 md-col-4\">\n\t<article class=\"post-type-card recipe-card post-61768 mlf_recipe type-mlf_recipe status-publish has-post-thumbnail hentry mlf_protein_type-saucisses-fumees mlf_meal_type-accompagnements\">\n\t\t<a href=\"https:\/\/schneiders.ca\/fr\/recettes\/roules-croustillants-aux-saucisses-au-fromage-et-au-jalapeno\/\">\n\t\t\t<header class=\"entry-header\">\n\t\t\t\t\t<img decoding=\"async\" src=\"https:\/\/schneiders.ca\/fr\/wp-content\/uploads\/sites\/14\/2025\/05\/2.-Jalapeno-hotdog-Rollups_1276-scaled.jpg?resize=350,298\" alt=\"Roul\u00e9s croustillants aux saucisses au fromage et au jalape\u00f1o\" height=\"298\" width=\"350\" class=\"\" \/>\n\t\t\t\t<\/header>\n\t\t\t<div class=\"entry-content\">\n\t\t\t\t<h3 class=\"heading\">Roul\u00e9s croustillants aux saucisses au fromage et au jalape\u00f1o<\/h3>\n\t\t\t\t\t\t\t\t\t<p class=\"sub-heading\">Piquantes et tendres Bouch\u00e9es de poulet cajuns<\/p>\n\t\t\t\t\t\t\t<\/div>\n\t\t<\/a>\n\t<\/article>\n<\/div>\n\n<div class=\"cell sm-col-12 md-col-4\">\n\t<article class=\"post-type-card recipe-card post-61765 mlf_recipe type-mlf_recipe status-publish has-post-thumbnail hentry mlf_protein_type-saucisses-fumees mlf_meal_type-bbq mlf_meal_type-luncch\">\n\t\t<a href=\"https:\/\/schneiders.ca\/fr\/recettes\/hot-dogs-farcis-au-cheddar-sur-petits-pains-au-levain\/\">\n\t\t\t<header class=\"entry-header\">\n\t\t\t\t\t<img decoding=\"async\" src=\"https:\/\/schneiders.ca\/fr\/wp-content\/uploads\/sites\/14\/2025\/05\/4.-SOURDOUGH-DOGS-OVERHEAD-scaled.jpg?resize=350,298\" alt=\"\" height=\"298\" width=\"350\" class=\"\" \/>\n\t\t\t\t<\/header>\n\t\t\t<div class=\"entry-content\">\n\t\t\t\t<h3 class=\"heading\">Hot-dogs farcis au cheddar sur petits pains au levain<\/h3>\n\t\t\t\t\t\t\t\t\t<p class=\"sub-heading\">Piquantes et tendres Bouch\u00e9es de poulet cajuns<\/p>\n\t\t\t\t\t\t\t<\/div>\n\t\t<\/a>\n\t<\/article>\n<\/div>\n\t\t\t\t<\/div>\n\t\t\t\t","protected":false},"excerpt":{"rendered":"<p>Nos fameuses tranches de jambon fum\u00e9 au bois de pommier sont la base d\u00e9licieuse de cette recette qui c\u00e9l\u00e8bre le meilleur des produits canadiens. Le r\u00f4tissage des l\u00e9gumes au four rehausse leurs saveurs incroyables, et le tout est li\u00e9 \u00e0 une vinaigrette si bonne que vous en voudrez pour une salade.<\/p>\n","protected":false},"featured_media":59618,"template":"","mlf_protein_type":[36],"mlf_meal_type":[23],"class_list":["post-331","mlf_recipe","type-mlf_recipe","status-publish","has-post-thumbnail","hentry","mlf_protein_type-jambon","mlf_meal_type-souper"],"acf":[],"yoast_head":"<!-- This site is optimized with the Yoast SEO plugin v21.7 - https:\/\/yoast.com\/wordpress\/plugins\/seo\/ -->\n<title>Tranches de jambon avec l\u00e9gumes r\u00f4tis au four - Schneiders<\/title>\n<meta name=\"robots\" content=\"index, follow, max-snippet:-1, max-image-preview:large, max-video-preview:-1\" \/>\n<link rel=\"canonical\" href=\"https:\/\/schneiders.ca\/fr\/recettes\/tranches-de-jambon-avec-legumes-rotis-au-four\/\" \/>\n<meta property=\"og:locale\" content=\"fr_FR\" \/>\n<meta property=\"og:type\" content=\"article\" \/>\n<meta property=\"og:title\" content=\"Tranches de jambon avec l\u00e9gumes r\u00f4tis au four - Schneiders\" \/>\n<meta property=\"og:description\" content=\"Nos fameuses tranches de jambon fum\u00e9 au bois de pommier sont la base d\u00e9licieuse de cette recette qui c\u00e9l\u00e8bre le meilleur des produits canadiens. Le r\u00f4tissage des l\u00e9gumes au four rehausse leurs saveurs incroyables, et le tout est li\u00e9 \u00e0 une vinaigrette si bonne que vous en voudrez pour une salade.\" \/>\n<meta property=\"og:url\" content=\"https:\/\/schneiders.ca\/fr\/recettes\/tranches-de-jambon-avec-legumes-rotis-au-four\/\" \/>\n<meta property=\"og:site_name\" content=\"Schneiders\" \/>\n<meta property=\"article:modified_time\" content=\"2023-09-08T20:18:30+00:00\" \/>\n<meta property=\"og:image\" content=\"https:\/\/schneiders.ca\/fr\/wp-content\/uploads\/sites\/14\/2023\/05\/Ham-Steaks-hero-web.jpeg\" \/>\n\t<meta property=\"og:image:width\" content=\"707\" \/>\n\t<meta property=\"og:image:height\" content=\"471\" \/>\n\t<meta property=\"og:image:type\" content=\"image\/jpeg\" \/>\n<meta name=\"twitter:card\" content=\"summary_large_image\" \/>\n<meta name=\"twitter:label1\" content=\"Dur\u00e9e de lecture estim\u00e9e\" \/>\n\t<meta name=\"twitter:data1\" content=\"2 minutes\" \/>\n<script type=\"application\/ld+json\" class=\"yoast-schema-graph\">{\"@context\":\"https:\/\/schema.org\",\"@graph\":[{\"@type\":\"WebPage\",\"@id\":\"https:\/\/schneiders.ca\/fr\/recettes\/tranches-de-jambon-avec-legumes-rotis-au-four\/\",\"url\":\"https:\/\/schneiders.ca\/fr\/recettes\/tranches-de-jambon-avec-legumes-rotis-au-four\/\",\"name\":\"Tranches de jambon avec l\u00e9gumes r\u00f4tis au four - Schneiders\",\"isPartOf\":{\"@id\":\"https:\/\/schneiders.ca\/fr\/#website\"},\"datePublished\":\"2023-05-19T13:36:01+00:00\",\"dateModified\":\"2023-09-08T20:18:30+00:00\",\"breadcrumb\":{\"@id\":\"https:\/\/schneiders.ca\/fr\/recettes\/tranches-de-jambon-avec-legumes-rotis-au-four\/#breadcrumb\"},\"inLanguage\":\"fr-FR\",\"potentialAction\":[{\"@type\":\"ReadAction\",\"target\":[\"https:\/\/schneiders.ca\/fr\/recettes\/tranches-de-jambon-avec-legumes-rotis-au-four\/\"]}]},{\"@type\":\"BreadcrumbList\",\"@id\":\"https:\/\/schneiders.ca\/fr\/recettes\/tranches-de-jambon-avec-legumes-rotis-au-four\/#breadcrumb\",\"itemListElement\":[{\"@type\":\"ListItem\",\"position\":1,\"name\":\"Home\",\"item\":\"https:\/\/schneiders.ca\/fr\/\"},{\"@type\":\"ListItem\",\"position\":2,\"name\":\"Tranches de jambon avec l\u00e9gumes r\u00f4tis au four\"}]},{\"@type\":\"WebSite\",\"@id\":\"https:\/\/schneiders.ca\/fr\/#website\",\"url\":\"https:\/\/schneiders.ca\/fr\/\",\"name\":\"Schneiders\",\"description\":\"La qualit\u00e9 n\u2019a pas d\u2019\u00e2ge\",\"publisher\":{\"@id\":\"https:\/\/schneiders.ca\/fr\/#organization\"},\"potentialAction\":[{\"@type\":\"SearchAction\",\"target\":{\"@type\":\"EntryPoint\",\"urlTemplate\":\"https:\/\/schneiders.ca\/fr\/?s={search_term_string}\"},\"query-input\":\"required name=search_term_string\"}],\"inLanguage\":\"fr-FR\"},{\"@type\":\"Organization\",\"@id\":\"https:\/\/schneiders.ca\/fr\/#organization\",\"name\":\"Schneiders\",\"url\":\"https:\/\/schneiders.ca\/fr\/\",\"logo\":{\"@type\":\"ImageObject\",\"inLanguage\":\"fr-FR\",\"@id\":\"https:\/\/schneiders.ca\/fr\/#\/schema\/logo\/image\/\",\"url\":\"https:\/\/schneiders.ca\/fr\/wp-content\/uploads\/sites\/14\/2023\/06\/schneiders-logo-4.png\",\"contentUrl\":\"https:\/\/schneiders.ca\/fr\/wp-content\/uploads\/sites\/14\/2023\/06\/schneiders-logo-4.png\",\"width\":261,\"height\":145,\"caption\":\"Schneiders\"},\"image\":{\"@id\":\"https:\/\/schneiders.ca\/fr\/#\/schema\/logo\/image\/\"}}]}<\/script>\n<!-- \/ Yoast SEO plugin. -->","yoast_head_json":{"title":"Tranches de jambon avec l\u00e9gumes r\u00f4tis au four - Schneiders","robots":{"index":"index","follow":"follow","max-snippet":"max-snippet:-1","max-image-preview":"max-image-preview:large","max-video-preview":"max-video-preview:-1"},"canonical":"https:\/\/schneiders.ca\/fr\/recettes\/tranches-de-jambon-avec-legumes-rotis-au-four\/","og_locale":"fr_FR","og_type":"article","og_title":"Tranches de jambon avec l\u00e9gumes r\u00f4tis au four - Schneiders","og_description":"Nos fameuses tranches de jambon fum\u00e9 au bois de pommier sont la base d\u00e9licieuse de cette recette qui c\u00e9l\u00e8bre le meilleur des produits canadiens. Le r\u00f4tissage des l\u00e9gumes au four rehausse leurs saveurs incroyables, et le tout est li\u00e9 \u00e0 une vinaigrette si bonne que vous en voudrez pour une salade.","og_url":"https:\/\/schneiders.ca\/fr\/recettes\/tranches-de-jambon-avec-legumes-rotis-au-four\/","og_site_name":"Schneiders","article_modified_time":"2023-09-08T20:18:30+00:00","og_image":[{"width":707,"height":471,"url":"https:\/\/schneiders.ca\/fr\/wp-content\/uploads\/sites\/14\/2023\/05\/Ham-Steaks-hero-web.jpeg","type":"image\/jpeg"}],"twitter_card":"summary_large_image","twitter_misc":{"Dur\u00e9e de lecture estim\u00e9e":"2 minutes"},"schema":{"@context":"https:\/\/schema.org","@graph":[{"@type":"WebPage","@id":"https:\/\/schneiders.ca\/fr\/recettes\/tranches-de-jambon-avec-legumes-rotis-au-four\/","url":"https:\/\/schneiders.ca\/fr\/recettes\/tranches-de-jambon-avec-legumes-rotis-au-four\/","name":"Tranches de jambon avec l\u00e9gumes r\u00f4tis au four - Schneiders","isPartOf":{"@id":"https:\/\/schneiders.ca\/fr\/#website"},"datePublished":"2023-05-19T13:36:01+00:00","dateModified":"2023-09-08T20:18:30+00:00","breadcrumb":{"@id":"https:\/\/schneiders.ca\/fr\/recettes\/tranches-de-jambon-avec-legumes-rotis-au-four\/#breadcrumb"},"inLanguage":"fr-FR","potentialAction":[{"@type":"ReadAction","target":["https:\/\/schneiders.ca\/fr\/recettes\/tranches-de-jambon-avec-legumes-rotis-au-four\/"]}]},{"@type":"BreadcrumbList","@id":"https:\/\/schneiders.ca\/fr\/recettes\/tranches-de-jambon-avec-legumes-rotis-au-four\/#breadcrumb","itemListElement":[{"@type":"ListItem","position":1,"name":"Home","item":"https:\/\/schneiders.ca\/fr\/"},{"@type":"ListItem","position":2,"name":"Tranches de jambon avec l\u00e9gumes r\u00f4tis au four"}]},{"@type":"WebSite","@id":"https:\/\/schneiders.ca\/fr\/#website","url":"https:\/\/schneiders.ca\/fr\/","name":"Schneiders","description":"La qualit\u00e9 n\u2019a pas d\u2019\u00e2ge","publisher":{"@id":"https:\/\/schneiders.ca\/fr\/#organization"},"potentialAction":[{"@type":"SearchAction","target":{"@type":"EntryPoint","urlTemplate":"https:\/\/schneiders.ca\/fr\/?s={search_term_string}"},"query-input":"required name=search_term_string"}],"inLanguage":"fr-FR"},{"@type":"Organization","@id":"https:\/\/schneiders.ca\/fr\/#organization","name":"Schneiders","url":"https:\/\/schneiders.ca\/fr\/","logo":{"@type":"ImageObject","inLanguage":"fr-FR","@id":"https:\/\/schneiders.ca\/fr\/#\/schema\/logo\/image\/","url":"https:\/\/schneiders.ca\/fr\/wp-content\/uploads\/sites\/14\/2023\/06\/schneiders-logo-4.png","contentUrl":"https:\/\/schneiders.ca\/fr\/wp-content\/uploads\/sites\/14\/2023\/06\/schneiders-logo-4.png","width":261,"height":145,"caption":"Schneiders"},"image":{"@id":"https:\/\/schneiders.ca\/fr\/#\/schema\/logo\/image\/"}}]}},"jetpack_sharing_enabled":true,"_links":{"self":[{"href":"https:\/\/schneiders.ca\/fr\/wp-json\/wp\/v2\/mlf_recipe\/331"}],"collection":[{"href":"https:\/\/schneiders.ca\/fr\/wp-json\/wp\/v2\/mlf_recipe"}],"about":[{"href":"https:\/\/schneiders.ca\/fr\/wp-json\/wp\/v2\/types\/mlf_recipe"}],"wp:featuredmedia":[{"embeddable":true,"href":"https:\/\/schneiders.ca\/fr\/wp-json\/wp\/v2\/media\/59618"}],"wp:attachment":[{"href":"https:\/\/schneiders.ca\/fr\/wp-json\/wp\/v2\/media?parent=331"}],"wp:term":[{"taxonomy":"mlf_protein_type","embeddable":true,"href":"https:\/\/schneiders.ca\/fr\/wp-json\/wp\/v2\/mlf_protein_type?post=331"},{"taxonomy":"mlf_meal_type","embeddable":true,"href":"https:\/\/schneiders.ca\/fr\/wp-json\/wp\/v2\/mlf_meal_type?post=331"}],"curies":[{"name":"wp","href":"https:\/\/api.w.org\/{rel}","templated":true}]}}