{"id":61047,"date":"2023-09-18T15:25:19","date_gmt":"2023-09-18T15:25:19","guid":{"rendered":"https:\/\/schneiders.ca\/fr\/recettes\/roules-au-poulet-croustillant-et-au-kimchi-avec-sauce-yum-yum-copy\/"},"modified":"2023-09-18T15:40:16","modified_gmt":"2023-09-18T15:40:16","slug":"repas-descalopes-viennoises-avec-pommes-de-terre-roties-au-bacon","status":"publish","type":"mlf_recipe","link":"https:\/\/schneiders.ca\/fr\/recettes\/repas-descalopes-viennoises-avec-pommes-de-terre-roties-au-bacon\/","title":{"rendered":"Repas d\u2019escalopes viennoises avec pommes de terre r\u00f4ties au bacon"},"content":{"rendered":"\t\t\t\t\t<div class=\"grid grid-margin-x grid-margin-y\">\n\t\t\t\t<div class=\"cell sm-col-12 lg-col-6 image-container\"\n\t\t\t\t\t style=\"background-image:url('https:\/\/schneiders.ca\/fr\/wp-content\/uploads\/sites\/14\/2023\/08\/RS_Pork-Schnitzel_10246-V1-scaled.jpg');\n\t\t\t\t\t\t\tbackground-position: 2% 14%;\">\n\t\t\t\t\t<h1 class=\"has-h-2-font-size\">Repas d\u2019escalopes viennoises avec pommes de terre r\u00f4ties au bacon<\/h1>\n\t\t\t\t<\/div>\n\t\t\t\t<div class=\"cell sm-col-12 lg-col-5 lg-start-8 recipe-details\">\n\t\t\t\t\t<h1 class=\"has-h-2-font-size\">Repas d\u2019escalopes viennoises avec pommes de terre r\u00f4ties au bacon<\/h1>\n\t\t\t\t\t\t\t\t\t\t\t<p class=\"recipe-excerpt\">Il n\u2019y a rien de mieux qu\u2019un repas d\u2019escalopes viennoises accompagn\u00e9es de pommes de terre r\u00f4ties au bacon et d\u2019une salade verte avec vinaigrette au citron. Un repas r\u00e9confortant dans toute sa splendeur. <\/p>\n\t\t\t\t\t\t\t\t\t\t<div class=\"recipe-statistics grid grid-margin-x grid-margin-y\">\n\t\t\t\t\t\t\t\t\t\t\t\t\t<div class=\"cell sm-col-3 lg-col-6 xxl-col-3\">\n\t\t\t\t\t\t\t\t<p class=\"recipe-statistics-title\">Portions<\/p>\n\t\t\t\t\t\t\t\t<p class=\"recipe-statistics-amount\">4<\/p>\n\t\t\t\t\t\t\t<\/div>\n\t\t\t\t\t\t\t\t\t\t\t\t\t\t\t\t\t\t\t<div class=\"cell sm-col-3 lg-col-6 xxl-col-3\">\n\t\t\t\t\t\t\t\t<p class=\"recipe-statistics-title\">Pr\u00e9paration<\/p>\n\t\t\t\t\t\t\t\t<p class=\"recipe-statistics-amount\">15 <span>Mins<\/span><\/p>\n\t\t\t\t\t\t\t<\/div>\n\t\t\t\t\t\t\t\t\t\t\t\t\t\t\t\t\t\t\t<div class=\"cell sm-col-3 lg-col-6 xxl-col-3\">\n\t\t\t\t\t\t\t\t<p class=\"recipe-statistics-title\">Temps de cuisson<\/p>\n\t\t\t\t\t\t\t\t<p class=\"recipe-statistics-amount\">45 <span>Mins<\/span><\/p>\n\t\t\t\t\t\t\t<\/div>\n\t\t\t\t\t\t\t\t\t\t\t\t\t\t\t\t\t\t\t<div class=\"cell sm-col-3 lg-col-6 xxl-col-3\">\n\t\t\t\t\t\t\t\t<p class=\"recipe-statistics-title\">Niveau<\/p>\n\t\t\t\t\t\t\t\t<span class=\"recipe-level-1\"><\/span>\n\t\t\t\t\t\t\t<\/div>\n\t\t\t\t\t\t\t\t\t\t\t<\/div>\n\t\t\t\t<\/div>\n\t\t\t<\/div>\n\t\t\t\n\n\t<style type=\"text\/css\">\n\t\t.wp-block-tk-spacer.id-d9f78b45-4414-4ebd-81cf-8fccc9b539e6 {\n\t\theight: 140px;\n\t}\n\n\t@media ( max-width: 640px ) {\n\t\t.wp-block-tk-spacer.id-d9f78b45-4414-4ebd-81cf-8fccc9b539e6 {\n\t\t\theight: 55px;\n\t\t}\n\t}\t<\/style>\n\t<div class=\"wp-block-tk-spacer id-d9f78b45-4414-4ebd-81cf-8fccc9b539e6\" aria-hidden=\"true\"><\/div>\n\t\n\n\n<div class=\"wp-block-columns ingredients-section is-layout-flex wp-container-core-columns-is-layout-1 wp-block-columns-is-layout-flex\">\n<div class=\"wp-block-column is-layout-flow wp-block-column-is-layout-flow\" style=\"flex-basis:50%\">\n<h2 class=\"wp-block-heading\">Ingr\u00e9dients<\/h2>\n\n\n\t<style type=\"text\/css\">\n\t\t.wp-block-tk-spacer.id-cc876ca2-c5b1-4bfd-8554-1f3c7587e817 {\n\t\theight: 16px;\n\t}\n\n\t@media ( max-width: 640px ) {\n\t\t.wp-block-tk-spacer.id-cc876ca2-c5b1-4bfd-8554-1f3c7587e817 {\n\t\t\theight: 1px;\n\t\t}\n\t}\t<\/style>\n\t<div class=\"wp-block-tk-spacer id-cc876ca2-c5b1-4bfd-8554-1f3c7587e817\" aria-hidden=\"true\"><\/div>\n\t\n\n\n<p>1\/3 de tasse d\u2019huile d\u2019olive extra-vierge, divis\u00e9e<\/p>\n\n\n\n<p>6 pommes de terre \u00e0 chair jaune (2 lb) bouillies, pel\u00e9es et coup\u00e9es en quartiers<\/p>\n\n\n\n<p>\u00bc de c. \u00e0 th\u00e9 de sel et de poivre, chacun<\/p>\n\n\n\n<p>\u00bd c. \u00e0 th\u00e9 de feuilles de thym frais, hach\u00e9es<\/p>\n\n\n\n<p><span style=\"text-decoration: underline;\">6 tranches de bacon coupe classique Schneiders, hach\u00e9es<\/span><\/p>\n\n\n\n<p><span style=\"text-decoration: underline;\">4 escalopes (Schnitzel) de poulet Schneiders<\/span><\/p>\n\n\n\n<p>Vinaigrette :<\/p>\n\n\n\n<p>2 c. \u00e0 soupe de vinaigre de vin blanc<\/p>\n\n\n\n<p>1 petite gousse d\u2019ail, \u00e9minc\u00e9e ou press\u00e9e<\/p>\n\n\n\n<p>1 c. \u00e0 soupe de jus de citron<\/p>\n\n\n\n<p>2 c. \u00e0 th\u00e9 de moutarde de Dijon<\/p>\n\n\n\n<p>\u00bc de c. \u00e0 th\u00e9 de sel et de poivre, chacun<\/p>\n\n\n\n<p>6 tasses de m\u00e9lange de laitues<\/p>\n\n\n\n<p>4 radis, tranch\u00e9s mince<\/p>\n\n\n\t<style type=\"text\/css\">\n\t\t.wp-block-tk-spacer.id-812a02f8-efc4-41fc-9829-5a0d35422c1f {\n\t\theight: 1px;\n\t}\n\n\t@media ( max-width: 640px ) {\n\t\t.wp-block-tk-spacer.id-812a02f8-efc4-41fc-9829-5a0d35422c1f {\n\t\t\theight: 50px;\n\t\t}\n\t}\t<\/style>\n\t<div class=\"wp-block-tk-spacer id-812a02f8-efc4-41fc-9829-5a0d35422c1f\" aria-hidden=\"true\"><\/div>\n\t<\/div>\n\n\n\n<div class=\"wp-block-column is-layout-flow wp-block-column-is-layout-flow\" style=\"flex-basis:40%\">\n<figure class=\"wp-block-image aligncenter size-large\"><img decoding=\"async\" width=\"1024\" height=\"1024\" src=\"https:\/\/schneiders.ca\/fr\/wp-content\/uploads\/sites\/14\/2023\/09\/13319_RENDER-2-1024x1024.png\" alt=\"escalope de porc\" class=\"wp-image-61032\" srcset=\"https:\/\/b3412141.smushcdn.com\/3412141\/wp-content\/uploads\/sites\/14\/2023\/09\/13319_RENDER-2-1024x1024.png?lossy=1&amp;strip=1&amp;webp=1 1024w, https:\/\/b3412141.smushcdn.com\/3412141\/wp-content\/uploads\/sites\/14\/2023\/09\/13319_RENDER-2-300x300.png?lossy=1&amp;strip=1&amp;webp=1 300w, https:\/\/b3412141.smushcdn.com\/3412141\/wp-content\/uploads\/sites\/14\/2023\/09\/13319_RENDER-2-150x150.png?lossy=1&amp;strip=1&amp;webp=1 150w, https:\/\/b3412141.smushcdn.com\/3412141\/wp-content\/uploads\/sites\/14\/2023\/09\/13319_RENDER-2-768x768.png?lossy=1&amp;strip=1&amp;webp=1 768w, https:\/\/b3412141.smushcdn.com\/3412141\/wp-content\/uploads\/sites\/14\/2023\/09\/13319_RENDER-2-1536x1536.png?lossy=1&amp;strip=1&amp;webp=1 1536w, https:\/\/b3412141.smushcdn.com\/3412141\/wp-content\/uploads\/sites\/14\/2023\/09\/13319_RENDER-2-2048x2048.png?lossy=1&amp;strip=1&amp;webp=1 2048w\" sizes=\"(max-width: 1024px) 100vw, 1024px\" \/><\/figure>\n\n\n\n<p class=\"has-text-align-center no-print\" style=\"text-decoration:underline\"><a href=\"https:\/\/schneiders.ca\/fr\/produits\/escalopes-de-poulet-schnitzel\/\">Voir le produit<\/a><\/p>\n<\/div>\n<\/div>\n\n\n\t<style type=\"text\/css\">\n\t\t.wp-block-tk-spacer.id-57ddf2ff-c5ea-4270-855a-f82d70fef16b {\n\t\theight: 119px;\n\t}\n\n\t@media ( max-width: 640px ) {\n\t\t.wp-block-tk-spacer.id-57ddf2ff-c5ea-4270-855a-f82d70fef16b {\n\t\t\theight: 21px;\n\t\t}\n\t}\t<\/style>\n\t<div class=\"wp-block-tk-spacer id-57ddf2ff-c5ea-4270-855a-f82d70fef16b\" aria-hidden=\"true\"><\/div>\n\t\n\n\n<div class=\"wp-block-columns directions-section is-layout-flex wp-container-core-columns-is-layout-2 wp-block-columns-is-layout-flex\">\n<div class=\"wp-block-column align-justify flex-container flex-dir-column is-layout-flow wp-block-column-is-layout-flow\" style=\"padding-top:0px;padding-right:0px;padding-bottom:0px;padding-left:0px;flex-basis:40%\">\n<div class=\"wp-block-group is-layout-constrained wp-block-group-is-layout-constrained\">\n<h2 class=\"wp-block-heading\">Directions<\/h2>\n\n\n\t<style type=\"text\/css\">\n\t\t.wp-block-tk-spacer.id-82ae2e06-b177-488a-8992-16fcc1693ead {\n\t\theight: 34px;\n\t}\n\n\t@media ( max-width: 640px ) {\n\t\t.wp-block-tk-spacer.id-82ae2e06-b177-488a-8992-16fcc1693ead {\n\t\t\theight: 1px;\n\t\t}\n\t}\t<\/style>\n\t<div class=\"wp-block-tk-spacer id-82ae2e06-b177-488a-8992-16fcc1693ead\" aria-hidden=\"true\"><\/div>\n\t\n\n\n<p>Disposer les pommes de terre sur une plaque \u00e0 p\u00e2tisserie \u00e0 rebord tapiss\u00e9e de papier sulfuris\u00e9; arroser de 2 cuill\u00e8res \u00e0 soupe d\u2019huile et parsemer de poivre, de sel et de thym, en remuant pour les enrober. Cuire au four \u00e0 425\u00b0F pendant 15 minutes, en m\u00e9langeant une fois. Parsemer de bacon; cuire, en m\u00e9langeant une fois de plus, jusqu\u2019\u00e0 ce que les pommes de terre et le bacon soient dor\u00e9s, environ 30 minutes.<\/p>\n\n\n\n<p>Entre-temps, pr\u00e9parer l\u2019escalope selon les directives de l\u2019emballage. Vinaigrette : Entre-temps, dans un grand bol, \u00e0 l\u2019aide d\u2019un fouet, battre le vinaigre avec l\u2019ail, le jus de citron, la moutarde, le sel et le poivre; fouetter en ajoutant graduellement le reste de l\u2019huile d\u2019olive jusqu\u2019\u00e0 ce que le m\u00e9lange soit homog\u00e8ne. Ajouter le m\u00e9lange de laitues et les radis en m\u00e9langeant pour enrober. Servir l\u2019escalope avec les pommes de terre et la salade.<\/p>\n<\/div>\n\n\n\n<p><\/p>\n\n\n\n<div class=\"wp-block-group is-layout-constrained wp-block-group-is-layout-constrained\">\t<style type=\"text\/css\">\n\t\t.wp-block-tk-spacer.id-d7d2cebf-ca71-49eb-aefd-2e867932e138 {\n\t\theight: 33px;\n\t}\n\n\t@media ( max-width: 640px ) {\n\t\t.wp-block-tk-spacer.id-d7d2cebf-ca71-49eb-aefd-2e867932e138 {\n\t\t\theight: 33px;\n\t\t}\n\t}\t<\/style>\n\t<div class=\"wp-block-tk-spacer id-d7d2cebf-ca71-49eb-aefd-2e867932e138\" aria-hidden=\"true\"><\/div>\n\t<\/div>\n\n\n\t\t\t<div class=\"button-container\">\n\t\t\t\t<button class=\"button is-style-outline print-button\">Imprimer\/Sauvegarder<\/button>\n\t\t\t\t\t\t\t\t\t<div>\n\t\t\t\t\t\t<button class=\"button is-style-outline share-button share-button-modal\">Partager<\/button>\n\t\t\t\t\t\t<div class=\"sharing-block-modal\">\n\t\t\t\t\t\t\t<button class=\"close-button\">\n\t\t\t\t\t\t\t\t<i class=\"fal fa-times\"><\/i>\n\t\t\t\t\t\t\t<\/button>\n\t\t\t\t\t\t\t\t\t\t\t\t\t<\/div>\n\t\t\t\t\t<\/div>\n\t\t\t\t\t\t\t<\/div>\n\t\t<\/div>\n<\/div>\n\n\n\t<style type=\"text\/css\">\n\t\t.wp-block-tk-spacer.id-019da5c8-bcbc-4a6d-b1cf-57c01acf063e {\n\t\theight: 171px;\n\t}\n\n\t@media ( max-width: 640px ) {\n\t\t.wp-block-tk-spacer.id-019da5c8-bcbc-4a6d-b1cf-57c01acf063e {\n\t\t\theight: 48px;\n\t\t}\n\t}\t<\/style>\n\t<div class=\"wp-block-tk-spacer id-019da5c8-bcbc-4a6d-b1cf-57c01acf063e\" aria-hidden=\"true\"><\/div>\n\t\n\n\n<h2 class=\"wp-block-heading no-print\">Autres recettes que vous adorerez<\/h2>\n\n\n\t<style type=\"text\/css\">\n\t\t.wp-block-tk-spacer.id-ae419360-d891-44e2-89df-82978e95c160 {\n\t\theight: 65px;\n\t}\n\n\t@media ( max-width: 640px ) {\n\t\t.wp-block-tk-spacer.id-ae419360-d891-44e2-89df-82978e95c160 {\n\t\t\theight: 33px;\n\t\t}\n\t}\t<\/style>\n\t<div class=\"wp-block-tk-spacer id-ae419360-d891-44e2-89df-82978e95c160\" aria-hidden=\"true\"><\/div>\n\t\n\n\t\t\t\t<div class=\"grid grid-margin-x grid-margin-y\">\n\t\t\t\t\t\n<div class=\"cell sm-col-12 md-col-4\">\n\t<article class=\"post-type-card recipe-card post-61771 mlf_recipe type-mlf_recipe status-publish has-post-thumbnail hentry mlf_protein_type-saucissons-fumes mlf_meal_type-dejeuner mlf_meal_type-luncch mlf_meal_type-souper\">\n\t\t<a href=\"https:\/\/schneiders.ca\/fr\/recettes\/poelee-de-poivrons-et-de-saucissons-smokies-epices-et-glaces\/\">\n\t\t\t<header class=\"entry-header\">\n\t\t\t\t\t<img decoding=\"async\" src=\"https:\/\/schneiders.ca\/fr\/wp-content\/uploads\/sites\/14\/2025\/05\/3.-SPICEY_SMOKEY-SKILLET_1305-scaled.jpg?resize=350,298\" alt=\"Po\u00eal\u00e9e de poivrons et de saucissons Smokies \u00e9pic\u00e9s et glac\u00e9s\" height=\"298\" width=\"350\" class=\"\" \/>\n\t\t\t\t<\/header>\n\t\t\t<div class=\"entry-content\">\n\t\t\t\t<h3 class=\"heading\">Po\u00eal\u00e9e de poivrons et de saucissons Smokies \u00e9pic\u00e9s et glac\u00e9s<\/h3>\n\t\t\t\t\t\t\t\t\t<p class=\"sub-heading\">Piquantes et tendres Bouch\u00e9es de poulet cajuns<\/p>\n\t\t\t\t\t\t\t<\/div>\n\t\t<\/a>\n\t<\/article>\n<\/div>\n\n<div class=\"cell sm-col-12 md-col-4\">\n\t<article class=\"post-type-card recipe-card post-61768 mlf_recipe type-mlf_recipe status-publish has-post-thumbnail hentry mlf_protein_type-saucisses-fumees mlf_meal_type-accompagnements\">\n\t\t<a href=\"https:\/\/schneiders.ca\/fr\/recettes\/roules-croustillants-aux-saucisses-au-fromage-et-au-jalapeno\/\">\n\t\t\t<header class=\"entry-header\">\n\t\t\t\t\t<img decoding=\"async\" src=\"https:\/\/schneiders.ca\/fr\/wp-content\/uploads\/sites\/14\/2025\/05\/2.-Jalapeno-hotdog-Rollups_1276-scaled.jpg?resize=350,298\" alt=\"Roul\u00e9s croustillants aux saucisses au fromage et au jalape\u00f1o\" height=\"298\" width=\"350\" class=\"\" \/>\n\t\t\t\t<\/header>\n\t\t\t<div class=\"entry-content\">\n\t\t\t\t<h3 class=\"heading\">Roul\u00e9s croustillants aux saucisses au fromage et au jalape\u00f1o<\/h3>\n\t\t\t\t\t\t\t\t\t<p class=\"sub-heading\">Piquantes et tendres Bouch\u00e9es de poulet cajuns<\/p>\n\t\t\t\t\t\t\t<\/div>\n\t\t<\/a>\n\t<\/article>\n<\/div>\n\n<div class=\"cell sm-col-12 md-col-4\">\n\t<article class=\"post-type-card recipe-card post-61765 mlf_recipe type-mlf_recipe status-publish has-post-thumbnail hentry mlf_protein_type-saucisses-fumees mlf_meal_type-bbq mlf_meal_type-luncch\">\n\t\t<a href=\"https:\/\/schneiders.ca\/fr\/recettes\/hot-dogs-farcis-au-cheddar-sur-petits-pains-au-levain\/\">\n\t\t\t<header class=\"entry-header\">\n\t\t\t\t\t<img decoding=\"async\" src=\"https:\/\/schneiders.ca\/fr\/wp-content\/uploads\/sites\/14\/2025\/05\/4.-SOURDOUGH-DOGS-OVERHEAD-scaled.jpg?resize=350,298\" alt=\"\" height=\"298\" width=\"350\" class=\"\" \/>\n\t\t\t\t<\/header>\n\t\t\t<div class=\"entry-content\">\n\t\t\t\t<h3 class=\"heading\">Hot-dogs farcis au cheddar sur petits pains au levain<\/h3>\n\t\t\t\t\t\t\t\t\t<p class=\"sub-heading\">Piquantes et tendres Bouch\u00e9es de poulet cajuns<\/p>\n\t\t\t\t\t\t\t<\/div>\n\t\t<\/a>\n\t<\/article>\n<\/div>\n\t\t\t\t<\/div>\n\t\t\t\t","protected":false},"excerpt":{"rendered":"<p>Il n\u2019y a rien de mieux qu\u2019un repas d\u2019escalopes viennoises accompagn\u00e9es de pommes de terre r\u00f4ties au bacon et d\u2019une salade verte avec vinaigrette au citron. Un repas r\u00e9confortant dans toute sa splendeur. <\/p>\n","protected":false},"featured_media":60783,"template":"","mlf_protein_type":[58],"mlf_meal_type":[44,23],"class_list":["post-61047","mlf_recipe","type-mlf_recipe","status-publish","has-post-thumbnail","hentry","mlf_protein_type-nos-escalopes","mlf_meal_type-accompagnements","mlf_meal_type-souper"],"acf":[],"yoast_head":"<!-- This site is optimized with the Yoast SEO plugin v21.7 - https:\/\/yoast.com\/wordpress\/plugins\/seo\/ -->\n<title>Repas d\u2019escalopes viennoises avec pommes de terre r\u00f4ties au bacon - Schneiders<\/title>\n<meta name=\"robots\" content=\"index, follow, max-snippet:-1, max-image-preview:large, max-video-preview:-1\" \/>\n<link rel=\"canonical\" href=\"https:\/\/schneiders.ca\/fr\/recettes\/repas-descalopes-viennoises-avec-pommes-de-terre-roties-au-bacon\/\" \/>\n<meta property=\"og:locale\" content=\"fr_FR\" \/>\n<meta property=\"og:type\" content=\"article\" \/>\n<meta property=\"og:title\" content=\"Repas d\u2019escalopes viennoises avec pommes de terre r\u00f4ties au bacon - Schneiders\" \/>\n<meta property=\"og:description\" content=\"Il n\u2019y a rien de mieux qu\u2019un repas d\u2019escalopes viennoises accompagn\u00e9es de pommes de terre r\u00f4ties au bacon et d\u2019une salade verte avec vinaigrette au citron. Un repas r\u00e9confortant dans toute sa splendeur.\" \/>\n<meta property=\"og:url\" content=\"https:\/\/schneiders.ca\/fr\/recettes\/repas-descalopes-viennoises-avec-pommes-de-terre-roties-au-bacon\/\" \/>\n<meta property=\"og:site_name\" content=\"Schneiders\" \/>\n<meta property=\"article:modified_time\" content=\"2023-09-18T15:40:16+00:00\" \/>\n<meta property=\"og:image\" content=\"https:\/\/schneiders.ca\/fr\/wp-content\/uploads\/sites\/14\/2023\/08\/RS_Pork-Schnitzel_10246-V1-scaled.jpg\" \/>\n\t<meta property=\"og:image:width\" content=\"2560\" \/>\n\t<meta property=\"og:image:height\" content=\"1707\" \/>\n\t<meta property=\"og:image:type\" content=\"image\/jpeg\" \/>\n<meta name=\"twitter:card\" content=\"summary_large_image\" \/>\n<meta name=\"twitter:label1\" content=\"Dur\u00e9e de lecture estim\u00e9e\" \/>\n\t<meta name=\"twitter:data1\" content=\"1 minute\" \/>\n<script type=\"application\/ld+json\" class=\"yoast-schema-graph\">{\"@context\":\"https:\/\/schema.org\",\"@graph\":[{\"@type\":\"WebPage\",\"@id\":\"https:\/\/schneiders.ca\/fr\/recettes\/repas-descalopes-viennoises-avec-pommes-de-terre-roties-au-bacon\/\",\"url\":\"https:\/\/schneiders.ca\/fr\/recettes\/repas-descalopes-viennoises-avec-pommes-de-terre-roties-au-bacon\/\",\"name\":\"Repas d\u2019escalopes viennoises avec pommes de terre r\u00f4ties au bacon - Schneiders\",\"isPartOf\":{\"@id\":\"https:\/\/schneiders.ca\/fr\/#website\"},\"datePublished\":\"2023-09-18T15:25:19+00:00\",\"dateModified\":\"2023-09-18T15:40:16+00:00\",\"breadcrumb\":{\"@id\":\"https:\/\/schneiders.ca\/fr\/recettes\/repas-descalopes-viennoises-avec-pommes-de-terre-roties-au-bacon\/#breadcrumb\"},\"inLanguage\":\"fr-FR\",\"potentialAction\":[{\"@type\":\"ReadAction\",\"target\":[\"https:\/\/schneiders.ca\/fr\/recettes\/repas-descalopes-viennoises-avec-pommes-de-terre-roties-au-bacon\/\"]}]},{\"@type\":\"BreadcrumbList\",\"@id\":\"https:\/\/schneiders.ca\/fr\/recettes\/repas-descalopes-viennoises-avec-pommes-de-terre-roties-au-bacon\/#breadcrumb\",\"itemListElement\":[{\"@type\":\"ListItem\",\"position\":1,\"name\":\"Home\",\"item\":\"https:\/\/schneiders.ca\/fr\/\"},{\"@type\":\"ListItem\",\"position\":2,\"name\":\"Repas d\u2019escalopes viennoises avec pommes de terre r\u00f4ties au bacon\"}]},{\"@type\":\"WebSite\",\"@id\":\"https:\/\/schneiders.ca\/fr\/#website\",\"url\":\"https:\/\/schneiders.ca\/fr\/\",\"name\":\"Schneiders\",\"description\":\"La qualit\u00e9 n\u2019a pas d\u2019\u00e2ge\",\"publisher\":{\"@id\":\"https:\/\/schneiders.ca\/fr\/#organization\"},\"potentialAction\":[{\"@type\":\"SearchAction\",\"target\":{\"@type\":\"EntryPoint\",\"urlTemplate\":\"https:\/\/schneiders.ca\/fr\/?s={search_term_string}\"},\"query-input\":\"required name=search_term_string\"}],\"inLanguage\":\"fr-FR\"},{\"@type\":\"Organization\",\"@id\":\"https:\/\/schneiders.ca\/fr\/#organization\",\"name\":\"Schneiders\",\"url\":\"https:\/\/schneiders.ca\/fr\/\",\"logo\":{\"@type\":\"ImageObject\",\"inLanguage\":\"fr-FR\",\"@id\":\"https:\/\/schneiders.ca\/fr\/#\/schema\/logo\/image\/\",\"url\":\"https:\/\/schneiders.ca\/fr\/wp-content\/uploads\/sites\/14\/2023\/06\/schneiders-logo-4.png\",\"contentUrl\":\"https:\/\/schneiders.ca\/fr\/wp-content\/uploads\/sites\/14\/2023\/06\/schneiders-logo-4.png\",\"width\":261,\"height\":145,\"caption\":\"Schneiders\"},\"image\":{\"@id\":\"https:\/\/schneiders.ca\/fr\/#\/schema\/logo\/image\/\"}}]}<\/script>\n<!-- \/ Yoast SEO plugin. -->","yoast_head_json":{"title":"Repas d\u2019escalopes viennoises avec pommes de terre r\u00f4ties au bacon - Schneiders","robots":{"index":"index","follow":"follow","max-snippet":"max-snippet:-1","max-image-preview":"max-image-preview:large","max-video-preview":"max-video-preview:-1"},"canonical":"https:\/\/schneiders.ca\/fr\/recettes\/repas-descalopes-viennoises-avec-pommes-de-terre-roties-au-bacon\/","og_locale":"fr_FR","og_type":"article","og_title":"Repas d\u2019escalopes viennoises avec pommes de terre r\u00f4ties au bacon - Schneiders","og_description":"Il n\u2019y a rien de mieux qu\u2019un repas d\u2019escalopes viennoises accompagn\u00e9es de pommes de terre r\u00f4ties au bacon et d\u2019une salade verte avec vinaigrette au citron. Un repas r\u00e9confortant dans toute sa splendeur.","og_url":"https:\/\/schneiders.ca\/fr\/recettes\/repas-descalopes-viennoises-avec-pommes-de-terre-roties-au-bacon\/","og_site_name":"Schneiders","article_modified_time":"2023-09-18T15:40:16+00:00","og_image":[{"width":2560,"height":1707,"url":"https:\/\/schneiders.ca\/fr\/wp-content\/uploads\/sites\/14\/2023\/08\/RS_Pork-Schnitzel_10246-V1-scaled.jpg","type":"image\/jpeg"}],"twitter_card":"summary_large_image","twitter_misc":{"Dur\u00e9e de lecture estim\u00e9e":"1 minute"},"schema":{"@context":"https:\/\/schema.org","@graph":[{"@type":"WebPage","@id":"https:\/\/schneiders.ca\/fr\/recettes\/repas-descalopes-viennoises-avec-pommes-de-terre-roties-au-bacon\/","url":"https:\/\/schneiders.ca\/fr\/recettes\/repas-descalopes-viennoises-avec-pommes-de-terre-roties-au-bacon\/","name":"Repas d\u2019escalopes viennoises avec pommes de terre r\u00f4ties au bacon - Schneiders","isPartOf":{"@id":"https:\/\/schneiders.ca\/fr\/#website"},"datePublished":"2023-09-18T15:25:19+00:00","dateModified":"2023-09-18T15:40:16+00:00","breadcrumb":{"@id":"https:\/\/schneiders.ca\/fr\/recettes\/repas-descalopes-viennoises-avec-pommes-de-terre-roties-au-bacon\/#breadcrumb"},"inLanguage":"fr-FR","potentialAction":[{"@type":"ReadAction","target":["https:\/\/schneiders.ca\/fr\/recettes\/repas-descalopes-viennoises-avec-pommes-de-terre-roties-au-bacon\/"]}]},{"@type":"BreadcrumbList","@id":"https:\/\/schneiders.ca\/fr\/recettes\/repas-descalopes-viennoises-avec-pommes-de-terre-roties-au-bacon\/#breadcrumb","itemListElement":[{"@type":"ListItem","position":1,"name":"Home","item":"https:\/\/schneiders.ca\/fr\/"},{"@type":"ListItem","position":2,"name":"Repas d\u2019escalopes viennoises avec pommes de terre r\u00f4ties au bacon"}]},{"@type":"WebSite","@id":"https:\/\/schneiders.ca\/fr\/#website","url":"https:\/\/schneiders.ca\/fr\/","name":"Schneiders","description":"La qualit\u00e9 n\u2019a pas d\u2019\u00e2ge","publisher":{"@id":"https:\/\/schneiders.ca\/fr\/#organization"},"potentialAction":[{"@type":"SearchAction","target":{"@type":"EntryPoint","urlTemplate":"https:\/\/schneiders.ca\/fr\/?s={search_term_string}"},"query-input":"required name=search_term_string"}],"inLanguage":"fr-FR"},{"@type":"Organization","@id":"https:\/\/schneiders.ca\/fr\/#organization","name":"Schneiders","url":"https:\/\/schneiders.ca\/fr\/","logo":{"@type":"ImageObject","inLanguage":"fr-FR","@id":"https:\/\/schneiders.ca\/fr\/#\/schema\/logo\/image\/","url":"https:\/\/schneiders.ca\/fr\/wp-content\/uploads\/sites\/14\/2023\/06\/schneiders-logo-4.png","contentUrl":"https:\/\/schneiders.ca\/fr\/wp-content\/uploads\/sites\/14\/2023\/06\/schneiders-logo-4.png","width":261,"height":145,"caption":"Schneiders"},"image":{"@id":"https:\/\/schneiders.ca\/fr\/#\/schema\/logo\/image\/"}}]}},"jetpack_sharing_enabled":true,"_links":{"self":[{"href":"https:\/\/schneiders.ca\/fr\/wp-json\/wp\/v2\/mlf_recipe\/61047"}],"collection":[{"href":"https:\/\/schneiders.ca\/fr\/wp-json\/wp\/v2\/mlf_recipe"}],"about":[{"href":"https:\/\/schneiders.ca\/fr\/wp-json\/wp\/v2\/types\/mlf_recipe"}],"wp:featuredmedia":[{"embeddable":true,"href":"https:\/\/schneiders.ca\/fr\/wp-json\/wp\/v2\/media\/60783"}],"wp:attachment":[{"href":"https:\/\/schneiders.ca\/fr\/wp-json\/wp\/v2\/media?parent=61047"}],"wp:term":[{"taxonomy":"mlf_protein_type","embeddable":true,"href":"https:\/\/schneiders.ca\/fr\/wp-json\/wp\/v2\/mlf_protein_type?post=61047"},{"taxonomy":"mlf_meal_type","embeddable":true,"href":"https:\/\/schneiders.ca\/fr\/wp-json\/wp\/v2\/mlf_meal_type?post=61047"}],"curies":[{"name":"wp","href":"https:\/\/api.w.org\/{rel}","templated":true}]}}