{"id":61629,"date":"2024-12-23T16:56:07","date_gmt":"2024-12-23T16:56:07","guid":{"rendered":"https:\/\/schneiders.ca\/fr\/recettes\/salade-de-patates-douces-et-de-betteraves-roties-garnie-descalopes-de-poulet-copy\/"},"modified":"2025-04-07T13:50:08","modified_gmt":"2025-04-07T13:50:08","slug":"farfalles-au-citron-et-au-bacon-emiette","status":"publish","type":"mlf_recipe","link":"https:\/\/schneiders.ca\/fr\/recettes\/farfalles-au-citron-et-au-bacon-emiette\/","title":{"rendered":"Farfalles au citron et au bacon \u00e9miett\u00e9"},"content":{"rendered":"\t\t\t\t\t<div class=\"grid grid-margin-x grid-margin-y\">\n\t\t\t\t<div class=\"cell sm-col-12 lg-col-6 image-container\"\n\t\t\t\t\t style=\"background-image:url('https:\/\/schneiders.ca\/fr\/wp-content\/uploads\/sites\/14\/2024\/12\/BaconCrumbles_BowtiesAlLimone-scaled.jpg');\n\t\t\t\t\t\t\tbackground-position: 52% 52%;\">\n\t\t\t\t\t<h1 class=\"has-h-2-font-size\">Farfalles au citron et au bacon \u00e9miett\u00e9<\/h1>\n\t\t\t\t<\/div>\n\t\t\t\t<div class=\"cell sm-col-12 lg-col-5 lg-start-8 recipe-details\">\n\t\t\t\t\t<h1 class=\"has-h-2-font-size\">Farfalles au citron et au bacon \u00e9miett\u00e9<\/h1>\n\t\t\t\t\t\t\t\t\t\t\t<p class=\"recipe-excerpt\">D\u00e9gustez cette variante moderne d\u2019un plat italien classique! Notre bacon \u00e9miett\u00e9 de qualit\u00e9 sup\u00e9rieure est l\u2019ingr\u00e9dient secret qui donne \u00e0 la sauce sa richesse et sa saveur, le tout parfaitement \u00e9quilibr\u00e9 par le go\u00fbt vif et acidul\u00e9 du citron frais. \u00c0 la fois cr\u00e9meux et relev\u00e9, ce plat saura plaire \u00e0 tous les \u00e2ges, surtout lorsqu\u2019il est g\u00e9n\u00e9reusement saupoudr\u00e9 de parmesan. Compos\u00e9 de moins de dix ingr\u00e9dients, il est suffisamment simple \u00e0 pr\u00e9parer pour un soir de semaine, mais juste assez gourmand pour en fait un plat parfait pour recevoir.<\/p>\n\t\t\t\t\t\t\t\t\t\t<div class=\"recipe-statistics grid grid-margin-x grid-margin-y\">\n\t\t\t\t\t\t\t\t\t\t\t\t\t<div class=\"cell sm-col-3 lg-col-6 xxl-col-3\">\n\t\t\t\t\t\t\t\t<p class=\"recipe-statistics-title\">Portions<\/p>\n\t\t\t\t\t\t\t\t<p class=\"recipe-statistics-amount\">4<\/p>\n\t\t\t\t\t\t\t<\/div>\n\t\t\t\t\t\t\t\t\t\t\t\t\t\t\t\t\t\t\t<div class=\"cell sm-col-3 lg-col-6 xxl-col-3\">\n\t\t\t\t\t\t\t\t<p class=\"recipe-statistics-title\">Pr\u00e9paration<\/p>\n\t\t\t\t\t\t\t\t<p class=\"recipe-statistics-amount\">10 <span>Mins<\/span><\/p>\n\t\t\t\t\t\t\t<\/div>\n\t\t\t\t\t\t\t\t\t\t\t\t\t\t\t\t\t\t\t<div class=\"cell sm-col-3 lg-col-6 xxl-col-3\">\n\t\t\t\t\t\t\t\t<p class=\"recipe-statistics-title\">Temps de cuisson<\/p>\n\t\t\t\t\t\t\t\t<p class=\"recipe-statistics-amount\">40 <span>Mins<\/span><\/p>\n\t\t\t\t\t\t\t<\/div>\n\t\t\t\t\t\t\t\t\t\t\t\t\t\t\t\t\t\t\t<div class=\"cell sm-col-3 lg-col-6 xxl-col-3\">\n\t\t\t\t\t\t\t\t<p class=\"recipe-statistics-title\">Niveau<\/p>\n\t\t\t\t\t\t\t\t<span class=\"recipe-level-1\"><\/span>\n\t\t\t\t\t\t\t<\/div>\n\t\t\t\t\t\t\t\t\t\t\t<\/div>\n\t\t\t\t<\/div>\n\t\t\t<\/div>\n\t\t\t\n\n\t<style type=\"text\/css\">\n\t\t.wp-block-tk-spacer.id-a05aef25-1e60-4cc3-85d7-b91b3b1e7beb {\n\t\theight: 140px;\n\t}\n\n\t@media ( max-width: 640px ) {\n\t\t.wp-block-tk-spacer.id-a05aef25-1e60-4cc3-85d7-b91b3b1e7beb {\n\t\t\theight: 55px;\n\t\t}\n\t}\t<\/style>\n\t<div class=\"wp-block-tk-spacer id-a05aef25-1e60-4cc3-85d7-b91b3b1e7beb\" aria-hidden=\"true\"><\/div>\n\t\n\n\n<div class=\"wp-block-columns ingredients-section is-layout-flex wp-container-core-columns-is-layout-1 wp-block-columns-is-layout-flex\">\n<div class=\"wp-block-column is-layout-flow wp-block-column-is-layout-flow\" style=\"flex-basis:50%\">\n<h2 class=\"wp-block-heading\">Ingr\u00e9dients<\/h2>\n\n\n\t<style type=\"text\/css\">\n\t\t.wp-block-tk-spacer.id-f2c291e1-f3ed-46dc-ae2d-2d3d8a886b74 {\n\t\theight: 16px;\n\t}\n\n\t@media ( max-width: 640px ) {\n\t\t.wp-block-tk-spacer.id-f2c291e1-f3ed-46dc-ae2d-2d3d8a886b74 {\n\t\t\theight: 1px;\n\t\t}\n\t}\t<\/style>\n\t<div class=\"wp-block-tk-spacer id-f2c291e1-f3ed-46dc-ae2d-2d3d8a886b74\" aria-hidden=\"true\"><\/div>\n\t\n\n\n<p>375&nbsp;g de p\u00e2tes farfalle<\/p>\n\n\n\n<p>1&nbsp;citron<\/p>\n\n\n\n<p>1&nbsp;tasse de <strong><u>bacon \u00e9miett\u00e9 Schneiders<\/u><\/strong><\/p>\n\n\n\n<p>\u00bc&nbsp;tasse de cr\u00e8me \u00e0 fouetter (35&nbsp;%)<\/p>\n\n\n\n<p>\u00bc&nbsp;tasse de beurre non sal\u00e9 ramolli<\/p>\n\n\n\n<p>1&nbsp;tasse de fromage Parmiggiano Reggiano fra\u00eechement r\u00e2p\u00e9<\/p>\n\n\n\n<p>\u00bc&nbsp;c.&nbsp;\u00e0 th\u00e9 de poivre<\/p>\n\n\n\n<p><\/p>\n\n\n\n<p><\/p>\n\n\n\t<style type=\"text\/css\">\n\t\t.wp-block-tk-spacer.id-4b4a9321-3d7a-4ef9-8743-a67f4936a233 {\n\t\theight: 1px;\n\t}\n\n\t@media ( max-width: 640px ) {\n\t\t.wp-block-tk-spacer.id-4b4a9321-3d7a-4ef9-8743-a67f4936a233 {\n\t\t\theight: 50px;\n\t\t}\n\t}\t<\/style>\n\t<div class=\"wp-block-tk-spacer id-4b4a9321-3d7a-4ef9-8743-a67f4936a233\" aria-hidden=\"true\"><\/div>\n\t<\/div>\n\n\n\n<div class=\"wp-block-column is-layout-flow wp-block-column-is-layout-flow\" style=\"flex-basis:40%\">\n<figure class=\"wp-block-gallery aligncenter has-nested-images columns-default is-cropped wp-block-gallery-1 is-layout-flex wp-block-gallery-is-layout-flex\">\n<figure class=\"wp-block-image size-large\"><img decoding=\"async\" width=\"1024\" height=\"1024\" src=\"https:\/\/schneiders.ca\/fr\/wp-content\/uploads\/sites\/14\/2024\/12\/42792_RENDER-1-1024x1024.png\" alt=\"bacon \u00e9miett\u00e9 Schneiders\" class=\"wp-image-61631\" srcset=\"https:\/\/b3412141.smushcdn.com\/3412141\/wp-content\/uploads\/sites\/14\/2024\/12\/42792_RENDER-1-1024x1024.png?lossy=1&amp;strip=1&amp;webp=1 1024w, https:\/\/b3412141.smushcdn.com\/3412141\/wp-content\/uploads\/sites\/14\/2024\/12\/42792_RENDER-1-300x300.png?lossy=1&amp;strip=1&amp;webp=1 300w, https:\/\/b3412141.smushcdn.com\/3412141\/wp-content\/uploads\/sites\/14\/2024\/12\/42792_RENDER-1-150x150.png?lossy=1&amp;strip=1&amp;webp=1 150w, https:\/\/b3412141.smushcdn.com\/3412141\/wp-content\/uploads\/sites\/14\/2024\/12\/42792_RENDER-1-768x768.png?lossy=1&amp;strip=1&amp;webp=1 768w, https:\/\/b3412141.smushcdn.com\/3412141\/wp-content\/uploads\/sites\/14\/2024\/12\/42792_RENDER-1-1536x1536.png?lossy=1&amp;strip=1&amp;webp=1 1536w, https:\/\/b3412141.smushcdn.com\/3412141\/wp-content\/uploads\/sites\/14\/2024\/12\/42792_RENDER-1-2048x2048.png?lossy=1&amp;strip=1&amp;webp=1 2048w\" sizes=\"(max-width: 1024px) 100vw, 1024px\" \/><\/figure>\n<\/figure>\n\n\n\n<p class=\"has-text-align-center no-print\" style=\"text-decoration:underline\"><a href=\"https:\/\/schneiders.ca\/fr\/produits\/vrai-bacon-emiette\/\">Voir le produi<\/a><a href=\"https:\/\/schneiders.ca\/fr\/produits\/escalopes-de-poulet-schnitzel\/\">t<\/a><\/p>\n<\/div>\n<\/div>\n\n\n\t<style type=\"text\/css\">\n\t\t.wp-block-tk-spacer.id-97cd9a0b-6ccf-4f09-9759-ed0431e4d2b6 {\n\t\theight: 119px;\n\t}\n\n\t@media ( max-width: 640px ) {\n\t\t.wp-block-tk-spacer.id-97cd9a0b-6ccf-4f09-9759-ed0431e4d2b6 {\n\t\t\theight: 21px;\n\t\t}\n\t}\t<\/style>\n\t<div class=\"wp-block-tk-spacer id-97cd9a0b-6ccf-4f09-9759-ed0431e4d2b6\" aria-hidden=\"true\"><\/div>\n\t\n\n\n<div class=\"wp-block-columns directions-section is-layout-flex wp-container-core-columns-is-layout-2 wp-block-columns-is-layout-flex\">\n<div class=\"wp-block-column align-justify flex-container flex-dir-column is-layout-flow wp-block-column-is-layout-flow\" style=\"padding-top:0px;padding-right:0px;padding-bottom:0px;padding-left:0px;flex-basis:40%\">\n<div class=\"wp-block-group is-layout-constrained wp-block-group-is-layout-constrained\">\n<h2 class=\"wp-block-heading\">Directions<\/h2>\n\n\n\t<style type=\"text\/css\">\n\t\t.wp-block-tk-spacer.id-cf4a7435-6a61-4039-a9d7-9948cdb8b0aa {\n\t\theight: 34px;\n\t}\n\n\t@media ( max-width: 640px ) {\n\t\t.wp-block-tk-spacer.id-cf4a7435-6a61-4039-a9d7-9948cdb8b0aa {\n\t\t\theight: 1px;\n\t\t}\n\t}\t<\/style>\n\t<div class=\"wp-block-tk-spacer id-cf4a7435-6a61-4039-a9d7-9948cdb8b0aa\" aria-hidden=\"true\"><\/div>\n\t\n\n\n<p>Dans une grande casserole d\u2019eau bouillante sal\u00e9e, faire cuire les p\u00e2tes selon les instructions jusqu\u2019\u00e0 ce qu\u2019elles soient al dente. R\u00e9server \u00be tasse de l\u2019eau des p\u00e2tes, puis \u00e9goutter.<\/p>\n\n\n\n<p>Entre-temps, zester finement le reste du citron dans un petit bol. Presser le citron pour obtenir 2&nbsp;cuill\u00e8res \u00e0 soupe de jus et l\u2019ajouter au bol. <\/p>\n\n\n\n<p>Remettre la casserole sur le feu \u00e0 temp\u00e9rature moyenne-\u00e9lev\u00e9e. Mettre le bacon dans la po\u00eale. Cuire en remuant pendant 30&nbsp;secondes jusqu\u2019\u00e0 ce que le bacon soit chaud et gr\u00e9sillant. Ajouter les p\u00e2tes \u00e9goutt\u00e9es, la cr\u00e8me et le m\u00e9lange de jus de citron. Ajouter le beurre et le fromage. Remuer constamment les p\u00e2tes jusqu\u2019\u00e0 ce que le beurre et le fromage soient fondus. Allonger la sauce avec suffisamment d\u2019eau de cuisson pour enrober g\u00e9n\u00e9reusement les p\u00e2tes.<\/p>\n\n\n\n<p>Poivrer.<\/p>\n<\/div>\n\n\n\n<p>Conseils (non obligatoires): Ce plat riche est assez sp\u00e9cial pour une soir\u00e9e \u00e0 deux ou une f\u00eate, mais suffisamment facile pour un soir de semaine.<\/p>\n\n\n\n<p>Garnissez-le de zeste de citron finement r\u00e2p\u00e9 et de persil frais hach\u00e9, si d\u00e9sir\u00e9.<\/p>\n\n\n\n<div class=\"wp-block-group is-layout-constrained wp-block-group-is-layout-constrained\">\t<style type=\"text\/css\">\n\t\t.wp-block-tk-spacer.id-721cf9d8-e24e-43bc-92d7-5022df53e255 {\n\t\theight: 33px;\n\t}\n\n\t@media ( max-width: 640px ) {\n\t\t.wp-block-tk-spacer.id-721cf9d8-e24e-43bc-92d7-5022df53e255 {\n\t\t\theight: 33px;\n\t\t}\n\t}\t<\/style>\n\t<div class=\"wp-block-tk-spacer id-721cf9d8-e24e-43bc-92d7-5022df53e255\" aria-hidden=\"true\"><\/div>\n\t<\/div>\n\n\n\t\t\t<div class=\"button-container\">\n\t\t\t\t<button class=\"button is-style-outline print-button\">Imprimer\/Sauvegarder<\/button>\n\t\t\t\t\t\t\t\t\t<div>\n\t\t\t\t\t\t<button class=\"button is-style-outline share-button share-button-modal\">Partager<\/button>\n\t\t\t\t\t\t<div class=\"sharing-block-modal\">\n\t\t\t\t\t\t\t<button class=\"close-button\">\n\t\t\t\t\t\t\t\t<i class=\"fal fa-times\"><\/i>\n\t\t\t\t\t\t\t<\/button>\n\t\t\t\t\t\t\t\t\t\t\t\t\t<\/div>\n\t\t\t\t\t<\/div>\n\t\t\t\t\t\t\t<\/div>\n\t\t<\/div>\n<\/div>\n\n\n\t<style type=\"text\/css\">\n\t\t.wp-block-tk-spacer.id-1e0ce351-f7af-4a3f-b582-f2cefb9a9179 {\n\t\theight: 171px;\n\t}\n\n\t@media ( max-width: 640px ) {\n\t\t.wp-block-tk-spacer.id-1e0ce351-f7af-4a3f-b582-f2cefb9a9179 {\n\t\t\theight: 48px;\n\t\t}\n\t}\t<\/style>\n\t<div class=\"wp-block-tk-spacer id-1e0ce351-f7af-4a3f-b582-f2cefb9a9179\" aria-hidden=\"true\"><\/div>\n\t\n\n\n<h2 class=\"wp-block-heading no-print\">Autres recettes que vous adorerez<\/h2>\n\n\n\t<style type=\"text\/css\">\n\t\t.wp-block-tk-spacer.id-a7aadce4-960d-4249-bf68-216b076b14c1 {\n\t\theight: 65px;\n\t}\n\n\t@media ( max-width: 640px ) {\n\t\t.wp-block-tk-spacer.id-a7aadce4-960d-4249-bf68-216b076b14c1 {\n\t\t\theight: 33px;\n\t\t}\n\t}\t<\/style>\n\t<div class=\"wp-block-tk-spacer id-a7aadce4-960d-4249-bf68-216b076b14c1\" aria-hidden=\"true\"><\/div>\n\t\n\n\t\t\t\t<div class=\"grid grid-margin-x grid-margin-y\">\n\t\t\t\t\t\n<div class=\"cell sm-col-12 md-col-4\">\n\t<article class=\"post-type-card recipe-card post-61771 mlf_recipe type-mlf_recipe status-publish has-post-thumbnail hentry mlf_protein_type-saucissons-fumes mlf_meal_type-dejeuner mlf_meal_type-luncch mlf_meal_type-souper\">\n\t\t<a href=\"https:\/\/schneiders.ca\/fr\/recettes\/poelee-de-poivrons-et-de-saucissons-smokies-epices-et-glaces\/\">\n\t\t\t<header class=\"entry-header\">\n\t\t\t\t\t<img decoding=\"async\" src=\"https:\/\/schneiders.ca\/fr\/wp-content\/uploads\/sites\/14\/2025\/05\/3.-SPICEY_SMOKEY-SKILLET_1305-scaled.jpg?resize=350,298\" alt=\"Po\u00eal\u00e9e de poivrons et de saucissons Smokies \u00e9pic\u00e9s et glac\u00e9s\" height=\"298\" width=\"350\" class=\"\" \/>\n\t\t\t\t<\/header>\n\t\t\t<div class=\"entry-content\">\n\t\t\t\t<h3 class=\"heading\">Po\u00eal\u00e9e de poivrons et de saucissons Smokies \u00e9pic\u00e9s et glac\u00e9s<\/h3>\n\t\t\t\t\t\t\t\t\t<p class=\"sub-heading\">Piquantes et tendres Bouch\u00e9es de poulet cajuns<\/p>\n\t\t\t\t\t\t\t<\/div>\n\t\t<\/a>\n\t<\/article>\n<\/div>\n\n<div class=\"cell sm-col-12 md-col-4\">\n\t<article class=\"post-type-card recipe-card post-61768 mlf_recipe type-mlf_recipe status-publish has-post-thumbnail hentry mlf_protein_type-saucisses-fumees mlf_meal_type-accompagnements\">\n\t\t<a href=\"https:\/\/schneiders.ca\/fr\/recettes\/roules-croustillants-aux-saucisses-au-fromage-et-au-jalapeno\/\">\n\t\t\t<header class=\"entry-header\">\n\t\t\t\t\t<img decoding=\"async\" src=\"https:\/\/schneiders.ca\/fr\/wp-content\/uploads\/sites\/14\/2025\/05\/2.-Jalapeno-hotdog-Rollups_1276-scaled.jpg?resize=350,298\" alt=\"Roul\u00e9s croustillants aux saucisses au fromage et au jalape\u00f1o\" height=\"298\" width=\"350\" class=\"\" \/>\n\t\t\t\t<\/header>\n\t\t\t<div class=\"entry-content\">\n\t\t\t\t<h3 class=\"heading\">Roul\u00e9s croustillants aux saucisses au fromage et au jalape\u00f1o<\/h3>\n\t\t\t\t\t\t\t\t\t<p class=\"sub-heading\">Piquantes et tendres Bouch\u00e9es de poulet cajuns<\/p>\n\t\t\t\t\t\t\t<\/div>\n\t\t<\/a>\n\t<\/article>\n<\/div>\n\n<div class=\"cell sm-col-12 md-col-4\">\n\t<article class=\"post-type-card recipe-card post-61765 mlf_recipe type-mlf_recipe status-publish has-post-thumbnail hentry mlf_protein_type-saucisses-fumees mlf_meal_type-bbq mlf_meal_type-luncch\">\n\t\t<a href=\"https:\/\/schneiders.ca\/fr\/recettes\/hot-dogs-farcis-au-cheddar-sur-petits-pains-au-levain\/\">\n\t\t\t<header class=\"entry-header\">\n\t\t\t\t\t<img decoding=\"async\" src=\"https:\/\/schneiders.ca\/fr\/wp-content\/uploads\/sites\/14\/2025\/05\/4.-SOURDOUGH-DOGS-OVERHEAD-scaled.jpg?resize=350,298\" alt=\"\" height=\"298\" width=\"350\" class=\"\" \/>\n\t\t\t\t<\/header>\n\t\t\t<div class=\"entry-content\">\n\t\t\t\t<h3 class=\"heading\">Hot-dogs farcis au cheddar sur petits pains au levain<\/h3>\n\t\t\t\t\t\t\t\t\t<p class=\"sub-heading\">Piquantes et tendres Bouch\u00e9es de poulet cajuns<\/p>\n\t\t\t\t\t\t\t<\/div>\n\t\t<\/a>\n\t<\/article>\n<\/div>\n\t\t\t\t<\/div>\n\t\t\t\t","protected":false},"excerpt":{"rendered":"<p>D\u00e9gustez cette variante moderne d\u2019un plat italien classique! Notre bacon \u00e9miett\u00e9 de qualit\u00e9 sup\u00e9rieure est l\u2019ingr\u00e9dient secret qui donne \u00e0 la sauce sa richesse et sa saveur, le tout parfaitement \u00e9quilibr\u00e9 par le go\u00fbt vif et acidul\u00e9 du citron frais. \u00c0 la fois cr\u00e9meux et relev\u00e9, ce plat saura plaire \u00e0 tous les \u00e2ges, surtout lorsqu\u2019il est g\u00e9n\u00e9reusement saupoudr\u00e9 de parmesan. Compos\u00e9 de moins de dix ingr\u00e9dients, il est suffisamment simple \u00e0 pr\u00e9parer pour un soir de semaine, mais juste assez gourmand pour en fait un plat parfait pour recevoir.<\/p>\n","protected":false},"featured_media":61630,"template":"","mlf_protein_type":[29],"mlf_meal_type":[35,23],"class_list":["post-61629","mlf_recipe","type-mlf_recipe","status-publish","has-post-thumbnail","hentry","mlf_protein_type-bacon","mlf_meal_type-dejeuner","mlf_meal_type-souper"],"acf":[],"yoast_head":"<!-- This site is optimized with the Yoast SEO plugin v21.7 - https:\/\/yoast.com\/wordpress\/plugins\/seo\/ -->\n<title>Farfalles au citron et au bacon \u00e9miett\u00e9 - Schneiders<\/title>\n<meta name=\"description\" content=\"Les tapas classiques aux haricots beurre sont rehauss\u00e9s par l\u2019irr\u00e9sistible go\u00fbt fum\u00e9 de notre bacon doublement fum\u00e9, pr\u00e9par\u00e9 \u00e0 partir de poitrine de porc de la meilleure qualit\u00e9. Ce plat parfait pour les r\u00e9ceptions peut \u00eatre utilis\u00e9 comme trempette avec du pain cro\u00fbt\u00e9 ou des craquelins, mais vous l\u2019appr\u00e9cierez tout autant comme accompagnement sal\u00e9 \u00e0 servir avec le souper. Gorg\u00e9 de prot\u00e9ines et compos\u00e9 d\u2019aliments de base, il est \u00e0 la fois savoureux et rassasiant.\" \/>\n<meta name=\"robots\" content=\"index, follow, max-snippet:-1, max-image-preview:large, max-video-preview:-1\" \/>\n<link rel=\"canonical\" href=\"https:\/\/schneiders.ca\/fr\/recettes\/farfalles-au-citron-et-au-bacon-emiette\/\" \/>\n<meta property=\"og:locale\" content=\"fr_FR\" \/>\n<meta property=\"og:type\" content=\"article\" \/>\n<meta property=\"og:title\" content=\"Farfalles au citron et au bacon \u00e9miett\u00e9 - Schneiders\" \/>\n<meta property=\"og:description\" content=\"Les tapas classiques aux haricots beurre sont rehauss\u00e9s par l\u2019irr\u00e9sistible go\u00fbt fum\u00e9 de notre bacon doublement fum\u00e9, pr\u00e9par\u00e9 \u00e0 partir de poitrine de porc de la meilleure qualit\u00e9. Ce plat parfait pour les r\u00e9ceptions peut \u00eatre utilis\u00e9 comme trempette avec du pain cro\u00fbt\u00e9 ou des craquelins, mais vous l\u2019appr\u00e9cierez tout autant comme accompagnement sal\u00e9 \u00e0 servir avec le souper. Gorg\u00e9 de prot\u00e9ines et compos\u00e9 d\u2019aliments de base, il est \u00e0 la fois savoureux et rassasiant.\" \/>\n<meta property=\"og:url\" content=\"https:\/\/schneiders.ca\/fr\/recettes\/farfalles-au-citron-et-au-bacon-emiette\/\" \/>\n<meta property=\"og:site_name\" content=\"Schneiders\" \/>\n<meta property=\"article:modified_time\" content=\"2025-04-07T13:50:08+00:00\" \/>\n<meta property=\"og:image\" content=\"https:\/\/schneiders.ca\/fr\/wp-content\/uploads\/sites\/14\/2024\/12\/BaconCrumbles_BowtiesAlLimone-scaled.jpg\" \/>\n\t<meta property=\"og:image:width\" content=\"1707\" \/>\n\t<meta property=\"og:image:height\" content=\"2560\" \/>\n\t<meta property=\"og:image:type\" content=\"image\/jpeg\" \/>\n<meta name=\"twitter:card\" content=\"summary_large_image\" \/>\n<meta name=\"twitter:label1\" content=\"Dur\u00e9e de lecture estim\u00e9e\" \/>\n\t<meta name=\"twitter:data1\" content=\"2 minutes\" \/>\n<script type=\"application\/ld+json\" class=\"yoast-schema-graph\">{\"@context\":\"https:\/\/schema.org\",\"@graph\":[{\"@type\":\"WebPage\",\"@id\":\"https:\/\/schneiders.ca\/fr\/recettes\/farfalles-au-citron-et-au-bacon-emiette\/\",\"url\":\"https:\/\/schneiders.ca\/fr\/recettes\/farfalles-au-citron-et-au-bacon-emiette\/\",\"name\":\"Farfalles au citron et au bacon \u00e9miett\u00e9 - Schneiders\",\"isPartOf\":{\"@id\":\"https:\/\/schneiders.ca\/fr\/#website\"},\"datePublished\":\"2024-12-23T16:56:07+00:00\",\"dateModified\":\"2025-04-07T13:50:08+00:00\",\"description\":\"Les tapas classiques aux haricots beurre sont rehauss\u00e9s par l\u2019irr\u00e9sistible go\u00fbt fum\u00e9 de notre bacon doublement fum\u00e9, pr\u00e9par\u00e9 \u00e0 partir de poitrine de porc de la meilleure qualit\u00e9. Ce plat parfait pour les r\u00e9ceptions peut \u00eatre utilis\u00e9 comme trempette avec du pain cro\u00fbt\u00e9 ou des craquelins, mais vous l\u2019appr\u00e9cierez tout autant comme accompagnement sal\u00e9 \u00e0 servir avec le souper. Gorg\u00e9 de prot\u00e9ines et compos\u00e9 d\u2019aliments de base, il est \u00e0 la fois savoureux et rassasiant.\",\"breadcrumb\":{\"@id\":\"https:\/\/schneiders.ca\/fr\/recettes\/farfalles-au-citron-et-au-bacon-emiette\/#breadcrumb\"},\"inLanguage\":\"fr-FR\",\"potentialAction\":[{\"@type\":\"ReadAction\",\"target\":[\"https:\/\/schneiders.ca\/fr\/recettes\/farfalles-au-citron-et-au-bacon-emiette\/\"]}]},{\"@type\":\"BreadcrumbList\",\"@id\":\"https:\/\/schneiders.ca\/fr\/recettes\/farfalles-au-citron-et-au-bacon-emiette\/#breadcrumb\",\"itemListElement\":[{\"@type\":\"ListItem\",\"position\":1,\"name\":\"Home\",\"item\":\"https:\/\/schneiders.ca\/fr\/\"},{\"@type\":\"ListItem\",\"position\":2,\"name\":\"Farfalles au citron et au bacon \u00e9miett\u00e9\"}]},{\"@type\":\"WebSite\",\"@id\":\"https:\/\/schneiders.ca\/fr\/#website\",\"url\":\"https:\/\/schneiders.ca\/fr\/\",\"name\":\"Schneiders\",\"description\":\"La qualit\u00e9 n\u2019a pas d\u2019\u00e2ge\",\"publisher\":{\"@id\":\"https:\/\/schneiders.ca\/fr\/#organization\"},\"potentialAction\":[{\"@type\":\"SearchAction\",\"target\":{\"@type\":\"EntryPoint\",\"urlTemplate\":\"https:\/\/schneiders.ca\/fr\/?s={search_term_string}\"},\"query-input\":\"required name=search_term_string\"}],\"inLanguage\":\"fr-FR\"},{\"@type\":\"Organization\",\"@id\":\"https:\/\/schneiders.ca\/fr\/#organization\",\"name\":\"Schneiders\",\"url\":\"https:\/\/schneiders.ca\/fr\/\",\"logo\":{\"@type\":\"ImageObject\",\"inLanguage\":\"fr-FR\",\"@id\":\"https:\/\/schneiders.ca\/fr\/#\/schema\/logo\/image\/\",\"url\":\"https:\/\/schneiders.ca\/fr\/wp-content\/uploads\/sites\/14\/2023\/06\/schneiders-logo-4.png\",\"contentUrl\":\"https:\/\/schneiders.ca\/fr\/wp-content\/uploads\/sites\/14\/2023\/06\/schneiders-logo-4.png\",\"width\":261,\"height\":145,\"caption\":\"Schneiders\"},\"image\":{\"@id\":\"https:\/\/schneiders.ca\/fr\/#\/schema\/logo\/image\/\"}}]}<\/script>\n<!-- \/ Yoast SEO plugin. -->","yoast_head_json":{"title":"Farfalles au citron et au bacon \u00e9miett\u00e9 - Schneiders","description":"Les tapas classiques aux haricots beurre sont rehauss\u00e9s par l\u2019irr\u00e9sistible go\u00fbt fum\u00e9 de notre bacon doublement fum\u00e9, pr\u00e9par\u00e9 \u00e0 partir de poitrine de porc de la meilleure qualit\u00e9. Ce plat parfait pour les r\u00e9ceptions peut \u00eatre utilis\u00e9 comme trempette avec du pain cro\u00fbt\u00e9 ou des craquelins, mais vous l\u2019appr\u00e9cierez tout autant comme accompagnement sal\u00e9 \u00e0 servir avec le souper. Gorg\u00e9 de prot\u00e9ines et compos\u00e9 d\u2019aliments de base, il est \u00e0 la fois savoureux et rassasiant.","robots":{"index":"index","follow":"follow","max-snippet":"max-snippet:-1","max-image-preview":"max-image-preview:large","max-video-preview":"max-video-preview:-1"},"canonical":"https:\/\/schneiders.ca\/fr\/recettes\/farfalles-au-citron-et-au-bacon-emiette\/","og_locale":"fr_FR","og_type":"article","og_title":"Farfalles au citron et au bacon \u00e9miett\u00e9 - Schneiders","og_description":"Les tapas classiques aux haricots beurre sont rehauss\u00e9s par l\u2019irr\u00e9sistible go\u00fbt fum\u00e9 de notre bacon doublement fum\u00e9, pr\u00e9par\u00e9 \u00e0 partir de poitrine de porc de la meilleure qualit\u00e9. Ce plat parfait pour les r\u00e9ceptions peut \u00eatre utilis\u00e9 comme trempette avec du pain cro\u00fbt\u00e9 ou des craquelins, mais vous l\u2019appr\u00e9cierez tout autant comme accompagnement sal\u00e9 \u00e0 servir avec le souper. Gorg\u00e9 de prot\u00e9ines et compos\u00e9 d\u2019aliments de base, il est \u00e0 la fois savoureux et rassasiant.","og_url":"https:\/\/schneiders.ca\/fr\/recettes\/farfalles-au-citron-et-au-bacon-emiette\/","og_site_name":"Schneiders","article_modified_time":"2025-04-07T13:50:08+00:00","og_image":[{"width":1707,"height":2560,"url":"https:\/\/schneiders.ca\/fr\/wp-content\/uploads\/sites\/14\/2024\/12\/BaconCrumbles_BowtiesAlLimone-scaled.jpg","type":"image\/jpeg"}],"twitter_card":"summary_large_image","twitter_misc":{"Dur\u00e9e de lecture estim\u00e9e":"2 minutes"},"schema":{"@context":"https:\/\/schema.org","@graph":[{"@type":"WebPage","@id":"https:\/\/schneiders.ca\/fr\/recettes\/farfalles-au-citron-et-au-bacon-emiette\/","url":"https:\/\/schneiders.ca\/fr\/recettes\/farfalles-au-citron-et-au-bacon-emiette\/","name":"Farfalles au citron et au bacon \u00e9miett\u00e9 - Schneiders","isPartOf":{"@id":"https:\/\/schneiders.ca\/fr\/#website"},"datePublished":"2024-12-23T16:56:07+00:00","dateModified":"2025-04-07T13:50:08+00:00","description":"Les tapas classiques aux haricots beurre sont rehauss\u00e9s par l\u2019irr\u00e9sistible go\u00fbt fum\u00e9 de notre bacon doublement fum\u00e9, pr\u00e9par\u00e9 \u00e0 partir de poitrine de porc de la meilleure qualit\u00e9. Ce plat parfait pour les r\u00e9ceptions peut \u00eatre utilis\u00e9 comme trempette avec du pain cro\u00fbt\u00e9 ou des craquelins, mais vous l\u2019appr\u00e9cierez tout autant comme accompagnement sal\u00e9 \u00e0 servir avec le souper. Gorg\u00e9 de prot\u00e9ines et compos\u00e9 d\u2019aliments de base, il est \u00e0 la fois savoureux et rassasiant.","breadcrumb":{"@id":"https:\/\/schneiders.ca\/fr\/recettes\/farfalles-au-citron-et-au-bacon-emiette\/#breadcrumb"},"inLanguage":"fr-FR","potentialAction":[{"@type":"ReadAction","target":["https:\/\/schneiders.ca\/fr\/recettes\/farfalles-au-citron-et-au-bacon-emiette\/"]}]},{"@type":"BreadcrumbList","@id":"https:\/\/schneiders.ca\/fr\/recettes\/farfalles-au-citron-et-au-bacon-emiette\/#breadcrumb","itemListElement":[{"@type":"ListItem","position":1,"name":"Home","item":"https:\/\/schneiders.ca\/fr\/"},{"@type":"ListItem","position":2,"name":"Farfalles au citron et au bacon \u00e9miett\u00e9"}]},{"@type":"WebSite","@id":"https:\/\/schneiders.ca\/fr\/#website","url":"https:\/\/schneiders.ca\/fr\/","name":"Schneiders","description":"La qualit\u00e9 n\u2019a pas d\u2019\u00e2ge","publisher":{"@id":"https:\/\/schneiders.ca\/fr\/#organization"},"potentialAction":[{"@type":"SearchAction","target":{"@type":"EntryPoint","urlTemplate":"https:\/\/schneiders.ca\/fr\/?s={search_term_string}"},"query-input":"required name=search_term_string"}],"inLanguage":"fr-FR"},{"@type":"Organization","@id":"https:\/\/schneiders.ca\/fr\/#organization","name":"Schneiders","url":"https:\/\/schneiders.ca\/fr\/","logo":{"@type":"ImageObject","inLanguage":"fr-FR","@id":"https:\/\/schneiders.ca\/fr\/#\/schema\/logo\/image\/","url":"https:\/\/schneiders.ca\/fr\/wp-content\/uploads\/sites\/14\/2023\/06\/schneiders-logo-4.png","contentUrl":"https:\/\/schneiders.ca\/fr\/wp-content\/uploads\/sites\/14\/2023\/06\/schneiders-logo-4.png","width":261,"height":145,"caption":"Schneiders"},"image":{"@id":"https:\/\/schneiders.ca\/fr\/#\/schema\/logo\/image\/"}}]}},"jetpack_sharing_enabled":true,"_links":{"self":[{"href":"https:\/\/schneiders.ca\/fr\/wp-json\/wp\/v2\/mlf_recipe\/61629"}],"collection":[{"href":"https:\/\/schneiders.ca\/fr\/wp-json\/wp\/v2\/mlf_recipe"}],"about":[{"href":"https:\/\/schneiders.ca\/fr\/wp-json\/wp\/v2\/types\/mlf_recipe"}],"wp:featuredmedia":[{"embeddable":true,"href":"https:\/\/schneiders.ca\/fr\/wp-json\/wp\/v2\/media\/61630"}],"wp:attachment":[{"href":"https:\/\/schneiders.ca\/fr\/wp-json\/wp\/v2\/media?parent=61629"}],"wp:term":[{"taxonomy":"mlf_protein_type","embeddable":true,"href":"https:\/\/schneiders.ca\/fr\/wp-json\/wp\/v2\/mlf_protein_type?post=61629"},{"taxonomy":"mlf_meal_type","embeddable":true,"href":"https:\/\/schneiders.ca\/fr\/wp-json\/wp\/v2\/mlf_meal_type?post=61629"}],"curies":[{"name":"wp","href":"https:\/\/api.w.org\/{rel}","templated":true}]}}